{"id":2,"date":"2022-04-05T15:12:05","date_gmt":"2022-04-05T13:12:05","guid":{"rendered":"http:\/\/abt.feuerwehr-freiburg.dc\/?page_id=2"},"modified":"2026-01-02T22:55:55","modified_gmt":"2026-01-02T21:55:55","slug":"06-st-georgen-neu","status":"publish","type":"page","link":"https:\/\/feuerwehr-freiburg.de\/abt06\/","title":{"rendered":"06 St. Georgen"},"content":{"rendered":"<div>\n<p>    <img decoding=\"async\" src=\"\/abt06\/wp-content\/uploads\/sites\/6\/2022\/08\/IMG_7833-scaled.jpg\" alt=\"\"><\/p>\n<h3><span class=\"uk-text-primary\">Abteilung 06<\/span><br \/> St. Georgen<\/h3>\n<\/div>\n<div>\n<div>\n<div><span><\/span><\/div>\n<\/div>\n<\/div>\n<p><p>\n        <a href=\"https:\/\/feuerwehr-freiburg.de\/wir-ueber-uns\/unsere-einsaetze\/\">Unsere Eins\u00e4tze<\/a>\n    <\/p>\n<\/p>\n<div>\n<p>Die Freiwillige Feuerwehr Freiburg-St. Georgen blickt auf eine \u00fcber 100-j\u00e4hrige Geschichte zur\u00fcck: Gegr\u00fcndet wurden zun\u00e4chst 1865 die Feuerwehren Uffhausen und Wendlingen,\u00a0 die sich 1872 zusammenschlossen. Zu diesem Zeitpunkt waren bis zu 132 ehrenamtliche Kameraden im Einsatz.<\/p>\n<p>Das 150-j\u00e4hrige Jubil\u00e4um wurde 2015 auch besonders gefeiert.<\/p>\n<p>2022 sind 27 Kameraden aktiv im Ehrenamt und engagieren sich in ihrer Freizeit f\u00fcr die St. Georgener B\u00fcrger.<\/p>\n<p>Wir kommen nicht nur wenn es brennt! Regelm\u00e4\u00dfig bilden wir uns weiter, um den Schutz der St. Georgener B\u00fcrger zu gew\u00e4hrleisten.<\/p>\n<p>Neben der \u00dcbung des L\u00f6schangriffs, des Aufstellens von Rettungsleitern bilden wir uns an unseren Dienstabenden regelm\u00e4\u00dfig zu aktuellen Themen der Gefahrenabwehr weiter.<\/p>\n<\/p>\n<\/div>\n<p><img decoding=\"async\" src=\"\/abt06\/wp-content\/uploads\/sites\/6\/2024\/04\/IMG_22202-scaled.jpg\" alt=\"Einsatz bei Elektrofahrzeugen\"><\/p>\n<div>\n<p>Wir sind auch gerne vorsorgend im Einsatz! Vor kurzem durften wir das Keidel-Bad bei einer Feuershow als Brandsicherheitswache unterst\u00fctzen.<\/p>\n<\/div>\n<p><img decoding=\"async\" src=\"\/abt06\/wp-content\/uploads\/sites\/6\/2023\/02\/Brandsicherheitswache.jpeg\" alt=\"\"><\/p>\n<h2>Aktuelles<\/h2>\n<div>\n<\/div>\n<p><p>\n        <a href=\"\/abt06\/aktuelles\/\">Alle Beitr\u00e4ge<\/a>\n    <\/p>\n<\/p>\n<h1>Die F\u00fchrung<\/h1>\n<div>\n<\/div>\n<div>\n<h3>Kontakt zur Abteilung<\/h3>\n<div>\n<p><strong>Freiwillige Feuerwehr Freiburg<\/strong><br \/>Abt. 06 \u2013 St. Georgen<br \/><span>Alice-Salomon-Stra\u00dfe 51, 79111 Freiburg<br \/><\/span>Mail:\u00a0<a href=\"mailto:st.georgen@feuerwehr-freiburg.de\">st.georgen@feuerwehr-freiburg.de<\/a><\/p>\n<\/div>\n<\/div>\n<h1>Unser Feuerwehrhaus<\/h1>\n<div>\n<div class=\"uk-accordion-content\">\n<div class=\"el-content uk-panel\">\n<p>Wir sind stolz auf unser ger\u00e4umiges und praktikables Feuerwehrhaus in der Alice-Solomon-Stra\u00dfe. Erst 2019 konnten wir hier eine Heimat finden, nachdem unsere Fahrzeuge jahrzehnte lang in beengten R\u00e4umlichkeiten unterkommen mussten. Insgesamt 591 m\u00b2 Nutzfl\u00e4che in 2 Geschossen bieten Unterkunft f\u00fcr Einsatzmittel und Einsatzpersonal. Im Erdgeschoss ist die Halle f\u00fcr drei Einsatzfahrzeuge mit Umkleidebereichen, Sanit\u00e4r- und Lagerr\u00e4umen untergebracht.<\/p>\n<p>Im Obergeschoss gibt es B\u00fcros, Sanit\u00e4ranlagen, den Technik- und Abstellraum, eine K\u00fcche sowie einen Mehrzweckraum der f\u00fcr Schulungen aber auch f\u00fcr das kameradschaftliche Beisammensein genutzt wird. Die Balkone und Treppen eigenen sich perfekt f\u00fcr unsere \u00dcbungsabende: Hier k\u00f6nnen wir Anleitern, Rettung und Abseilen \u00fcben.<\/p>\n<\/div>\n<\/div>\n<\/div>\n<p><img decoding=\"async\" src=\"\/abt06\/wp-content\/uploads\/sites\/6\/2022\/09\/PHOTO-2021-11-06-15-56-41-e1664551125275.jpg\" alt=\"\"><\/p>\n<ul>\n<li>\n<p>        <img decoding=\"async\" src=\"\/abt06\/wp-content\/uploads\/sites\/6\/2023\/02\/Schnelle-Jungs.png\" alt=\"\"><\/p>\n<h3>Unsere Jugendfeuerwehr<\/h3>\n<div>\n<p>Unsere Jugend trifft sich jeden Montag abend und bereitet sich auf den Dienst als Erwachsene in der Einsatzabteilung vor.<\/p>\n<p>Neben den Grundt\u00e4tigkeiten der Feuerwehr Retten, L\u00f6schen, Bergen und Sch\u00fctzen lernen die Jugendlichen viele praxisrelevante Themen, die sie auch im Alltag gut nutzen k\u00f6nnen.<\/p>\n<p>Die Kameradschaft steht dabei an erster Stelle.<\/p>\n<p>Wir \u00fcben jeden Montagabend von 18:30 Uhr bis ca. 19:30 Uhr (nicht in den Ferien sowie Winterpause von den Winterferien bis nach den Fasnachtsferien). Interessierte Jugendliche im Alter von 10 bis 18 Jahren sind herzlich willkommen, uns am \u00dcbungsabend zu besuchen.<\/p>\n<p>Unsere Jugendbetreuer Michael Steiert und Max Hercher freuen sich auf die Kontaktaufnahme unter JF-St.Georgen@feuerwehr-freiburg.de<\/p>\n<\/p>\n<\/p>\n<\/div>\n<\/li>\n<li>\n<p>        <img decoding=\"async\" src=\"\/abt06\/wp-content\/uploads\/sites\/6\/2022\/10\/14489DD4-3A21-4270-AB69-78C043F15856.jpeg\" alt=\"\"><\/p>\n<h3>Historie<\/h3>\n<div>\n<p>Die Feuerwehr Freiburg-St. Georgen blickt auf eine lange Geschichte zur\u00fcck.<\/p>\n<p>1865 wurden in St. Georgen zun\u00e4chst zwei Abteilungen der freiwilligen Feuerwehr in Uffhausen und Wendlingen gegr\u00fcndet. 1872 wurden beide Wehren zusammengeschlossen, in dieser Zeit waren\u00a0 insgesamt 132 Kameraden aktiv.<\/p>\n<p>Die von der <span>f\u00fcrstlich-heitersheimschen Regierung Ende des 18. Jahrhunderts erbauten Spritzenh\u00e4user in Uffhausen bei der Stube und in Wendlingen in der Malteserordensstra\u00dfe wurden Ende der 1960er-Jahre aufgegeben. Diese Spritzenh\u00e4user dienten lediglich der Aufbewahrung bzw. Lagerung der Einsatzmaterialien. Umkleidem\u00f6glichkeiten oder gar ein Mannschaftsraum waren nicht vorgesehen und die Einsatzkleidung wurde zuhause aufbewahrt. <\/span><\/p>\n<p>Die Eingemeindung St. Georgens in die Stadt Freiburg war 1936 die Geburtsstunde des L\u00f6schzugs 6 als Teil der Freiwilligen Feuerwehr Freiburg.<\/p>\n<p>Der L\u00f6schzug 6 nutzte das Ger\u00e4tehaus am Vorarlberger Weg bis 2019, dann konnte das moderne Geb\u00e4udes an der Alice-Salomon-Stra\u00dfe bezogen werden.<\/p>\n<\/p>\n<\/p>\n<\/div>\n<p><a href=\"\/abt06\/ansprechpartner\/abteilungskommandant-abt-15\/\">Read more<\/a><\/p>\n<\/li>\n<\/ul>\n<h1>Unsere Fahrzeuge<\/h1>\n<div>\n<\/div>\n<h1>Unsere Eins\u00e4tze<\/h1>\n<div>\n\n<div class=\"wpdt-c wdt-skin-material\">\n    \n\n    <div class=\"wpDataTables wpDataTablesFilter wpDataTablesWrapper wdt-skin-material data-t\"\n         data-wpdatatable_id=\"1\">\n        <div id=\"filterBox_table_1\" class=\"wpDataTableFilterBox\">\n                                                <div class=\"wpDataTableFilterSection\" id=\"table_1_0_filter_sections\">\n                        <label>Datum:<\/label>\n                        <div id=\"table_1_0_filter\"><\/div>\n                    <\/div>\n                                                                <div class=\"wpDataTableFilterSection\" id=\"table_1_1_filter_sections\">\n                        <label>Einsatz:<\/label>\n                        <div id=\"table_1_1_filter\"><\/div>\n                    <\/div>\n                                                                                                    <div class=\"wpDataTableFilterSection\" id=\"wdt-clear-filters-button-block\">\n                    <button class=\"button btn wdt-clear-filters-button\" data-table_id = table_1>Filter l\u00f6schen<\/button>\n                <\/div>\n                                <\/div>\n    <\/div>\n<input type=\"hidden\" id=\"wdtNonceFrontendEdit_1\" name=\"wdtNonceFrontendEdit_1\" value=\"edb40be0c1\" \/><input type=\"hidden\" name=\"_wp_http_referer\" value=\"\/abt06\/wp-json\/wp\/v2\/pages\/2\" \/>    <input type=\"hidden\" id=\"table_1_desc\" value='{\"tableId\":\"table_1\",\"tableType\":\"mysql\",\"selector\":\"#table_1\",\"responsive\":false,\"responsiveAction\":\"icon\",\"editable\":false,\"inlineEditing\":false,\"infoBlock\":true,\"pagination\":1,\"paginationAlign\":\"right\",\"paginationLayout\":\"full_numbers\",\"file_location\":\"\",\"tableSkin\":\"material\",\"globalSearch\":false,\"showRowsPerPage\":true,\"popoverTools\":false,\"hideBeforeLoad\":true,\"number_format\":1,\"decimalPlaces\":2,\"spinnerSrc\":\"https:\\\/\\\/feuerwehr-freiburg.de\\\/abt06\\\/wp-content\\\/plugins\\\/wpdatatables\\\/assets\\\/\\\/img\\\/spinner.gif\",\"groupingEnabled\":false,\"tableWpId\":1,\"dataTableParams\":{\"sDom\":\"BT\\u003C\\u0027clear\\u0027\\u003Eltip\",\"bSortCellsTop\":false,\"bFilter\":true,\"bPaginate\":true,\"sPaginationType\":\"full_numbers\",\"aLengthMenu\":[[1,5,10,25,50,100,-1],[1,5,10,25,50,100,\"Alle\"]],\"iDisplayLength\":10,\"columnDefs\":[{\"sType\":\"date-custom\",\"wdtType\":\"datetime\",\"bVisible\":true,\"orderable\":true,\"searchable\":true,\"InputType\":\"none\",\"name\":\"Datum\",\"origHeader\":\"Datum\",\"notNull\":false,\"conditionalFormattingRules\":[],\"className\":\" column-datum\",\"aTargets\":[0]},{\"sType\":\"string\",\"wdtType\":\"string\",\"bVisible\":true,\"orderable\":true,\"searchable\":true,\"InputType\":\"text\",\"name\":\"Einsatz\",\"origHeader\":\"Einsatz\",\"notNull\":false,\"conditionalFormattingRules\":[],\"className\":\" column-einsatz\",\"aTargets\":[1]},{\"sType\":\"string\",\"wdtType\":\"link\",\"bVisible\":true,\"orderable\":false,\"searchable\":true,\"InputType\":\"none\",\"name\":\"Link\",\"origHeader\":\"Link\",\"notNull\":false,\"conditionalFormattingRules\":[],\"className\":\" column-link\",\"aTargets\":[2]},{\"sType\":\"string\",\"wdtType\":\"string\",\"bVisible\":false,\"orderable\":true,\"searchable\":true,\"InputType\":\"none\",\"name\":\"Einsatzkr\\u00e4fte\",\"origHeader\":\"Einsatzkr\\u00e4fte\",\"notNull\":false,\"conditionalFormattingRules\":[],\"className\":\" column-einsatzkrfte\",\"aTargets\":[3]}],\"bAutoWidth\":false,\"order\":[[0,\"desc\"]],\"ordering\":true,\"oLanguage\":{\"sProcessing\":\"Bitte warten...\",\"sLengthMenu\":\"_MENU_ Eintr\\u00e4ge anzeigen\",\"sZeroRecords\":\"Keine Eintr\\u00e4ge vorhanden.\",\"sInfo\":\"_START_ bis _END_ von _TOTAL_ Eintr\\u00e4gen\",\"sInfoEmpty\":\"0 bis 0 von 0 Eintr\\u00e4gen\",\"sInfoFiltered\":\"(gefiltert von _MAX_  Eintr\\u00e4gen)\",\"sInfoPostFix\":\"\",\"sSearch\":\"Suchen\",\"sSearchPlaceholder\":\"\",\"sUrl\":\"\",\"oPaginate\":{\"sFirst\":\"Erster\",\"sPrevious\":\"Zur\\u00fcck\",\"sNext\":\"N\\u00e4chster\",\"sLast\":\"Letzter\"}},\"buttons\":[],\"bProcessing\":false,\"serverSide\":true,\"ajax\":{\"url\":\"https:\\\/\\\/feuerwehr-freiburg.de\\\/abt06\\\/wp-admin\\\/admin-ajax.php?action=get_wdtable&table_id=1\",\"type\":\"POST\"},\"oSearch\":{\"bSmart\":false,\"bRegex\":false,\"sSearch\":\"\"}},\"tabletWidth\":\"1024\",\"mobileWidth\":\"480\",\"advancedFilterEnabled\":true,\"advancedFilterOptions\":{\"aoColumns\":[{\"type\":\"date-range\",\"columnType\":\"datetime\",\"numberOfDecimalPlaces\":\"2\",\"possibleValuesType\":\"read\",\"globalSearchColumn\":1,\"values\":null,\"origHeader\":\"Datum\",\"displayHeader\":\"Datum\",\"possibleValuesAddEmpty\":false,\"possibleValuesAjax\":-1,\"column_align_fields\":\"\",\"defaultValue\":[\"\",\"\"],\"column_align_header\":\"\",\"exactFiltering\":false,\"filterLabel\":\"\",\"searchInSelectBox\":1,\"searchInSelectBoxEditing\":false,\"checkboxesInModal\":0,\"andLogic\":0,\"linkButtonLabel\":\"\",\"rangeSlider\":false,\"rangeMaxValueDisplay\":\"0\",\"customMaxRangeValue\":\"0\",\"sSelector\":\"#table_1_0_filter\"},{\"type\":\"text\",\"columnType\":\"string\",\"numberOfDecimalPlaces\":\"2\",\"possibleValuesType\":\"read\",\"globalSearchColumn\":1,\"values\":null,\"origHeader\":\"Einsatz\",\"displayHeader\":\"Einsatz\",\"possibleValuesAddEmpty\":false,\"possibleValuesAjax\":10,\"column_align_fields\":\"\",\"defaultValue\":\"\",\"column_align_header\":\"\",\"exactFiltering\":false,\"filterLabel\":\"\",\"searchInSelectBox\":1,\"searchInSelectBoxEditing\":1,\"checkboxesInModal\":0,\"andLogic\":0,\"linkButtonLabel\":\"\",\"rangeSlider\":false,\"rangeMaxValueDisplay\":\"0\",\"customMaxRangeValue\":\"0\",\"sSelector\":\"#table_1_1_filter\"},{\"type\":\"null\",\"columnType\":\"link\",\"numberOfDecimalPlaces\":\"2\",\"possibleValuesType\":\"read\",\"globalSearchColumn\":1,\"values\":null,\"origHeader\":\"Link\",\"displayHeader\":\"Link\",\"possibleValuesAddEmpty\":false,\"possibleValuesAjax\":-1,\"column_align_fields\":\"\",\"defaultValue\":\"\",\"column_align_header\":\"\",\"exactFiltering\":false,\"filterLabel\":\"\",\"searchInSelectBox\":1,\"searchInSelectBoxEditing\":false,\"checkboxesInModal\":0,\"andLogic\":0,\"linkButtonLabel\":\"Details\",\"rangeSlider\":false,\"rangeMaxValueDisplay\":\"0\",\"customMaxRangeValue\":\"0\",\"sSelector\":\"#table_1_2_filter\"},{\"type\":\"null\",\"columnType\":\"string\",\"numberOfDecimalPlaces\":\"2\",\"possibleValuesType\":\"list\",\"globalSearchColumn\":1,\"values\":null,\"origHeader\":\"Einsatzkr\\u00e4fte\",\"displayHeader\":\"Einsatzkr\\u00e4fte\",\"possibleValuesAddEmpty\":false,\"possibleValuesAjax\":-1,\"column_align_fields\":\"\",\"defaultValue\":\"Abt. 06 St. Georgen\",\"column_align_header\":\"\",\"exactFiltering\":false,\"filterLabel\":\"\",\"searchInSelectBox\":1,\"searchInSelectBoxEditing\":false,\"checkboxesInModal\":0,\"andLogic\":0,\"linkButtonLabel\":\"\",\"rangeSlider\":false,\"rangeMaxValueDisplay\":\"0\",\"customMaxRangeValue\":\"0\",\"sSelector\":\"#table_1_3_filter\"}],\"bUseColVis\":true},\"filterInForm\":true,\"serverSide\":true,\"autoRefreshInterval\":0,\"processing\":true,\"fnServerData\":true,\"columnsFixed\":0,\"sumFunctionsLabel\":\"\",\"avgFunctionsLabel\":\"\",\"minFunctionsLabel\":\"\",\"maxFunctionsLabel\":\"\",\"columnsDecimalPlaces\":{\"Datum\":-1,\"Einsatz\":-1,\"Link\":-1,\"Einsatzkr\\u00e4fte\":-1},\"columnsThousandsSeparator\":[],\"sumColumns\":[],\"avgColumns\":[],\"sumAvgColumns\":[],\"timeFormat\":\"H:i\",\"datepickFormat\":\"dd.mm.yy\"}'\/>\n\n    <table id=\"table_1\"\n           class=\"  display nowrap data-t data-t wpDataTable wpDataTableID-1\"\n           style=\"display: none; \"\n           data-described-by='table_1_desc'\n           data-wpdatatable_id=\"1\">\n        \n        <!-- Table header -->\n        \n<thead>\n<tr>\n                    <th\n        data-class=\"expand\"                class=\" wdtheader sort \"\n        style=\"\">Datum<\/th>        <th\n                        class=\" wdtheader sort \"\n        style=\"\">Einsatz<\/th>        <th\n                        class=\" wdtheader \"\n        style=\"\">Link<\/th>        <th\n                        class=\" wdtheader sort \"\n        style=\"\">Einsatzkr\u00e4fte<\/th>    <\/tr>\n<\/thead>\n        <!-- \/Table header -->\n\n        <!-- Table body -->\n        \n<tbody>\n            <tr id=\"table_1_row_0\">\n                            <td style=\"\">06.12.2022 20:00<\/td>\n                            <td style=\"\">Wohnungs\u00f6ffnung: Hilflose Person<\/td>\n                            <td style=\"\"><a href='https:\/\/feuerwehr-freiburg.de\/?p=81216' rel='' target='_self'><button class='uk-button uk-button-default'>Details<\/button><\/a><\/td>\n                            <td style=\"\">Abt. 1 Berufsfeuerwehr, Rettungsdienst<\/td>\n                    <\/tr>\n                <tr id=\"table_1_row_1\">\n                            <td style=\"\">06.12.2022 17:03<\/td>\n                            <td style=\"\">Brandmeldealarm: Missbrauch<\/td>\n                            <td style=\"\"><a href='https:\/\/feuerwehr-freiburg.de\/?p=81217' rel='' target='_self'><button class='uk-button uk-button-default'>Details<\/button><\/a><\/td>\n                            <td style=\"\">Abt. 1 Berufsfeuerwehr, Abt. 01 Oberstadt, Abt. 07 Wiehre<\/td>\n                    <\/tr>\n                <tr id=\"table_1_row_2\">\n                            <td style=\"\">06.12.2022 14:18<\/td>\n                            <td style=\"\">Wohnungs\u00f6ffnung: Hilflose Person<\/td>\n                            <td style=\"\"><a href='https:\/\/feuerwehr-freiburg.de\/?p=81218' rel='' target='_self'><button class='uk-button uk-button-default'>Details<\/button><\/a><\/td>\n                            <td style=\"\">Abt. 1 Berufsfeuerwehr, Rettungsdienst<\/td>\n                    <\/tr>\n                <tr id=\"table_1_row_3\">\n                            <td style=\"\">06.12.2022 09:36<\/td>\n                            <td style=\"\">Brandmeldealarm:T\u00e4uschungsalarm<\/td>\n                            <td style=\"\"><a href='https:\/\/feuerwehr-freiburg.de\/?p=81219' rel='' target='_self'><button class='uk-button uk-button-default'>Details<\/button><\/a><\/td>\n                            <td style=\"\">Abt. 1 Berufsfeuerwehr<\/td>\n                    <\/tr>\n                <tr id=\"table_1_row_4\">\n                            <td style=\"\">06.12.2022 07:13<\/td>\n                            <td style=\"\">Brandmeldealarm: technische St\u00f6rung<\/td>\n                            <td style=\"\"><a href='https:\/\/feuerwehr-freiburg.de\/?p=81220' rel='' target='_self'><button class='uk-button uk-button-default'>Details<\/button><\/a><\/td>\n                            <td style=\"\">Abt. 1 Berufsfeuerwehr<\/td>\n                    <\/tr>\n                <tr id=\"table_1_row_5\">\n                            <td style=\"\">05.12.2022 18:19<\/td>\n                            <td style=\"\">Absicherung Tunnel: Pannenfahrzeug im Tunnel<\/td>\n                            <td style=\"\"><a href='https:\/\/feuerwehr-freiburg.de\/?p=81221' rel='' target='_self'><button class='uk-button uk-button-default'>Details<\/button><\/a><\/td>\n                            <td style=\"\">Abt. 1 Berufsfeuerwehr<\/td>\n                    <\/tr>\n                <tr id=\"table_1_row_6\">\n                            <td style=\"\">05.12.2022 17:53<\/td>\n                            <td style=\"\">Tragehilfe: Unterst\u00fctzung Rettungsdienst<\/td>\n                            <td style=\"\"><a href='https:\/\/feuerwehr-freiburg.de\/?p=81222' rel='' target='_self'><button class='uk-button uk-button-default'>Details<\/button><\/a><\/td>\n                            <td style=\"\">Abt. 1 Berufsfeuerwehr, Rettungsdienst<\/td>\n                    <\/tr>\n                <tr id=\"table_1_row_7\">\n                            <td style=\"\">05.12.2022 17:11<\/td>\n                            <td style=\"\">Brandmeldealarm Sonderobjekte: angebranntes Kochgut<\/td>\n                            <td style=\"\"><a href='https:\/\/feuerwehr-freiburg.de\/?p=81223' rel='' target='_self'><button class='uk-button uk-button-default'>Details<\/button><\/a><\/td>\n                            <td style=\"\">Abt. 1 Berufsfeuerwehr, Rettungsdienst<\/td>\n                    <\/tr>\n                <tr id=\"table_1_row_8\">\n                            <td style=\"\">05.12.2022 15:53<\/td>\n                            <td style=\"\">\u00d6lspur\/Stra\u00dfenverunreinigung: \u00d6l auf Fahrbahn<\/td>\n                            <td style=\"\"><a href='https:\/\/feuerwehr-freiburg.de\/?p=81224' rel='' target='_self'><button class='uk-button uk-button-default'>Details<\/button><\/a><\/td>\n                            <td style=\"\">Abt. 11 Waltershofen<\/td>\n                    <\/tr>\n                <tr id=\"table_1_row_9\">\n                            <td style=\"\">05.12.2022 07:40<\/td>\n                            <td style=\"\">Wohnungs\u00f6ffnung: Unterst\u00fctzung Rettungsdienst<\/td>\n                            <td style=\"\"><a href='https:\/\/feuerwehr-freiburg.de\/?p=81225' rel='' target='_self'><button class='uk-button uk-button-default'>Details<\/button><\/a><\/td>\n                            <td style=\"\">Abt. 1 Berufsfeuerwehr, Rettungsdienst<\/td>\n                    <\/tr>\n    <\/tbody>        <!-- \/Table body -->\n\n        <!-- Table footer -->\n        \n    <tfoot>\n                <tr style=\"display: none\">\n                            <td\n                class=\"wdtheader sort \"\n                style=\"\">Datum<\/td>                <td\n                class=\"wdtheader sort \"\n                style=\"\">Einsatz<\/td>                <td\n                class=\"wdtheader  \"\n                style=\"\"><\/td>                <td\n                class=\"wdtheader sort \"\n                style=\"\"><\/td>        <\/tr>\n                            <\/tfoot>\n        <!-- \/Table footer -->\n\n    <\/table>\n\n<\/div><style>\ntable.wpDataTable td, table.wpDataTable th { white-space: normal !important; }\ntable.wpDataTable td.numdata { text-align: right !important; }\n<\/style>\n<style>\n<\/style>\n\n<\/div>\n<p><p>\n        <a href=\"http:\/\/feuerwehr-freiburg.dc\/wir-ueber-uns\/unsere-einsaetze\/\">Alle Eins\u00e4tze der Feuerwehr Freiburg<\/a>\n    <\/p>\n<\/p>\n<p><!--more--><br \/>\n<!-- {\"type\":\"layout\",\"children\":[{\"type\":\"section\",\"props\":{\"id\":\"hero\",\"image_position\":\"center-center\",\"padding\":\"none\",\"style\":\"default\",\"title_breakpoint\":\"xl\",\"title_position\":\"top-left\",\"title_rotation\":\"left\",\"vertical_align\":\"\",\"width\":\"\"},\"children\":[{\"type\":\"row\",\"children\":[{\"type\":\"column\",\"props\":{\"image_position\":\"center-center\",\"position_sticky_breakpoint\":\"m\"},\"children\":[{\"type\":\"slideshow\",\"props\":{\"link_style\":\"default\",\"link_text\":\"Read more\",\"margin\":\"default\",\"meta_align\":\"below-title\",\"meta_element\":\"div\",\"meta_style\":\"text-meta\",\"nav\":\"dotnav\",\"nav_align\":\"center\",\"nav_breakpoint\":\"s\",\"nav_position\":\"bottom-center\",\"nav_position_margin\":\"medium\",\"overlay_animation\":\"fade\",\"overlay_container\":\"default\",\"overlay_position\":\"center-left\",\"show_content\":true,\"show_link\":true,\"show_meta\":true,\"show_thumbnail\":true,\"show_title\":true,\"slidenav\":\"default\",\"slidenav_breakpoint\":\"s\",\"slidenav_large\":true,\"slidenav_margin\":\"medium\",\"slidenav_outside_breakpoint\":\"xl\",\"slideshow_animation\":\"fade\",\"slideshow_autoplay\":true,\"slideshow_autoplay_pause\":true,\"slideshow_height\":\"viewport\",\"slideshow_height_offset_top\":true,\"slideshow_height_viewport\":80,\"slideshow_min_height\":300,\"text_color\":\"light\",\"thumbnav_height\":\"75\",\"thumbnav_svg_color\":\"emphasis\",\"thumbnav_width\":\"100\",\"title_element\":\"h3\",\"title_hover_style\":\"reset\",\"title_style\":\"heading-medium\"},\"children\":[{\"type\":\"slideshow_item\",\"props\":{\"image\":\"wp-content\\\/uploads\\\/sites\\\/6\\\/2022\\\/08\\\/IMG_7833-scaled.jpg\",\"media_overlay\":\"rgba(0, 0, 0, 0.5)\",\"title\":\"<span class=\\\"uk-text-primary\\\">Abteilung 06<\\\/span><br \/> St. Georgen\"}}]}]}]}],\"name\":\"Titelbereich\"},{\"type\":\"section\",\"props\":{\"image_position\":\"center-center\",\"padding\":\"xsmall\",\"style\":\"default\",\"title_breakpoint\":\"xl\",\"title_position\":\"top-left\",\"title_rotation\":\"left\",\"vertical_align\":\"\",\"width\":\"default\"},\"children\":[{\"type\":\"row\",\"props\":{\"layout\":\"2-3,1-3\"},\"children\":[{\"type\":\"column\",\"props\":{\"image_position\":\"center-center\",\"position_sticky_breakpoint\":\"m\",\"width_medium\":\"2-3\"},\"children\":[{\"type\":\"text\",\"props\":{\"column_breakpoint\":\"m\",\"content\":\"\n\n<div>\\n\n\n<div><span>[einsatzticker abteilung=\\\"Abt. 06 St. Georgen\\\"]<\\\/span><\\\/div>\\n<\\\/div>\",\"margin\":\"default\"}}]},{\"type\":\"column\",\"props\":{\"image_position\":\"center-center\",\"position_sticky_breakpoint\":\"m\",\"vertical_align\":\"middle\",\"width_medium\":\"1-3\"},\"children\":[{\"type\":\"button\",\"props\":{\"grid_column_gap\":\"small\",\"grid_row_gap\":\"small\",\"margin\":\"default\"},\"children\":[{\"type\":\"button_item\",\"props\":{\"button_style\":\"primary\",\"content\":\"Unsere Eins\\u00e4tze\",\"dialog_layout\":\"modal\",\"dialog_offcanvas_flip\":true,\"icon_align\":\"left\",\"link\":\"https:\\\/\\\/feuerwehr-freiburg.de\\\/wir-ueber-uns\\\/unsere-einsaetze\\\/\"}}]}]}]}],\"name\":\"Einsatzticker\"},{\"type\":\"section\",\"props\":{\"header_transparent\":true,\"header_transparent_text_color\":\"dark\",\"image_position\":\"center-center\",\"padding_remove_bottom\":false,\"style\":\"primary\",\"title_breakpoint\":\"xl\",\"title_position\":\"top-left\",\"title_rotation\":\"left\",\"vertical_align\":\"\",\"width\":\"\"},\"children\":[{\"type\":\"row\",\"children\":[{\"type\":\"column\",\"props\":{\"image_position\":\"center-center\",\"position_sticky_breakpoint\":\"m\"},\"children\":[{\"type\":\"headline\",\"props\":{\"content\":\"\",\"margin\":\"medium\",\"title_element\":\"h1\",\"title_style\":\"heading-small\"}},{\"type\":\"text\",\"props\":{\"column_breakpoint\":\"m\",\"content\":\"\n\n<p><strong>Kommt gerne vorbei!<br \\\/><\\\/strong><\\\/p>\\n\n\n<p><strong>\\u00a0<\\\/strong><\\\/p>\",\"margin\":\"default\",\"status\":\"disabled\"}}]}],\"props\":{\"width\":\"default\"}}],\"name\":\"Aktuelles\"},{\"type\":\"section\",\"props\":{\"image_position\":\"center-center\",\"style\":\"primary\",\"title_breakpoint\":\"xl\",\"title_position\":\"top-left\",\"title_rotation\":\"left\",\"vertical_align\":\"\",\"width\":\"default\"},\"children\":[{\"type\":\"row\",\"props\":{\"column_gap\":\"collapse\",\"row_gap\":\"collapse\"},\"children\":[{\"type\":\"column\",\"props\":{\"image_position\":\"center-center\",\"position_sticky_breakpoint\":\"m\"},\"children\":[{\"type\":\"panel\",\"props\":{\"content_column_breakpoint\":\"m\",\"css\":\".el-element .uk-child-width-expand {\\n\\twidth: 100%   \\n}\\n\",\"icon_width\":80,\"image_align\":\"right\",\"image_grid_breakpoint\":\"m\",\"image_grid_width\":\"1-2\",\"image_height\":\"533\",\"image_link\":true,\"image_svg_color\":\"emphasis\",\"image_vertical_align\":true,\"image_width\":\"800\",\"link_margin\":\"medium\",\"link_style\":\"default\",\"link_text\":\"Mehr lesen\",\"margin\":\"default\",\"meta_align\":\"above-title\",\"meta_element\":\"div\",\"meta_style\":\"heading-small\",\"panel_image_no_padding\":false,\"panel_style\":\"tile-primary\",\"title_align\":\"top\",\"title_element\":\"h3\",\"title_grid_breakpoint\":\"m\",\"title_grid_width\":\"1-2\",\"title_hover_style\":\"reset\",\"title_link\":true,\"title_margin\":\"medium\",\"title_style\":\"h1\"},\"source\":{\"query\":{\"name\":\"posts.customPost\",\"arguments\":{\"terms\":[5],\"category_operator\":\"IN\",\"post_tag_operator\":\"IN\",\"users\":[],\"users_operator\":\"IN\",\"offset\":0,\"order\":\"date\",\"order_direction\":\"DESC\"}},\"props\":{\"content\":{\"filters\":{\"search\":\"\"},\"arguments\":{\"show_intro_text\":true},\"name\":\"content\"},\"link\":{\"filters\":{\"search\":\"\"},\"name\":\"link\"},\"meta\":{\"filters\":{\"search\":\"\"},\"arguments\":{\"format\":\"list\",\"separator\":\"|\",\"link_style\":\"\",\"show_publish_date\":true,\"show_author\":false,\"show_comments\":false,\"show_taxonomy\":\"\",\"date_format\":\"\"},\"name\":\"metaString\"},\"title\":{\"filters\":{\"search\":\"\"},\"name\":\"title\"},\"image\":{\"filters\":{\"search\":\"\"},\"name\":\"featuredImage.url\"},\"image_alt\":{\"filters\":{\"search\":\"\"},\"name\":\"featuredImage.alt\"}}}}]}]}],\"name\":\"Aktuelles\"},{\"type\":\"section\",\"props\":{\"image_position\":\"center-center\",\"style\":\"secondary\",\"title_breakpoint\":\"xl\",\"title_position\":\"top-left\",\"title_rotation\":\"left\",\"vertical_align\":\"\",\"width\":\"default\"},\"children\":[{\"type\":\"row\",\"children\":[{\"type\":\"column\",\"props\":{\"image_position\":\"center-center\",\"position_sticky_breakpoint\":\"m\"},\"children\":[{\"type\":\"text\",\"props\":{\"column_breakpoint\":\"m\",\"content\":\"\n\n<p>Die Freiwillige Feuerwehr Freiburg-St. Georgen blickt auf eine \\u00fcber 100-j\\u00e4hrige Geschichte zur\\u00fcck: Gegr\\u00fcndet wurden zun\\u00e4chst 1865 die Feuerwehren Uffhausen und Wendlingen,\\u00a0 die sich 1872 zusammenschlossen. Zu diesem Zeitpunkt waren bis zu 132 ehrenamtliche Kameraden im Einsatz.<\\\/p>\\n\n\n<p>Das 150-j\\u00e4hrige Jubil\\u00e4um wurde 2015 auch besonders gefeiert.<\\\/p>\\n\n\n<p>2022 sind 27 Kameraden aktiv im Ehrenamt und engagieren sich in ihrer Freizeit f\\u00fcr die St. Georgener B\\u00fcrger.<\\\/p>\\n\n\n<p>Wir kommen nicht nur wenn es brennt! Regelm\\u00e4\\u00dfig bilden wir uns weiter, um den Schutz der St. Georgener B\\u00fcrger zu gew\\u00e4hrleisten.<\\\/p>\\n\n\n<p>Neben der \\u00dcbung des L\\u00f6schangriffs, des Aufstellens von Rettungsleitern bilden wir uns an unseren Dienstabenden regelm\\u00e4\\u00dfig zu aktuellen Themen der Gefahrenabwehr weiter.<\\\/p>\\n\n\n<p><\\\/p>\\n\n\n<p><\\\/p>\",\"margin\":\"default\",\"text_style\":\"lead\"}},{\"type\":\"image\",\"props\":{\"image\":\"wp-content\\\/uploads\\\/sites\\\/6\\\/2024\\\/04\\\/IMG_22202-scaled.jpg\",\"image_alt\":\"Einsatz bei Elektrofahrzeugen\",\"image_svg_color\":\"emphasis\",\"margin\":\"default\"}},{\"type\":\"text\",\"props\":{\"column_breakpoint\":\"m\",\"content\":\"\n\n<p>Wir sind auch gerne vorsorgend im Einsatz! Vor kurzem durften wir das Keidel-Bad bei einer Feuershow als Brandsicherheitswache unterst\\u00fctzen.<\\\/p>\",\"margin\":\"default\"}},{\"type\":\"image\",\"props\":{\"image\":\"wp-content\\\/uploads\\\/sites\\\/6\\\/2023\\\/02\\\/Brandsicherheitswache.jpeg\",\"image_svg_color\":\"emphasis\",\"margin\":\"default\"}}]}]}],\"name\":\"Abteilung\"},{\"type\":\"section\",\"props\":{\"image_position\":\"center-center\",\"style\":\"default\",\"title_breakpoint\":\"xl\",\"title_position\":\"top-left\",\"title_rotation\":\"left\",\"vertical_align\":\"\",\"width\":\"default\"},\"children\":[{\"type\":\"row\",\"children\":[{\"type\":\"column\",\"props\":{\"image_position\":\"center-center\",\"position_sticky_breakpoint\":\"m\"},\"children\":[{\"type\":\"headline\",\"props\":{\"content\":\"Aktuelles\",\"title_element\":\"h2\",\"title_style\":\"heading-small\"}}]}]},{\"type\":\"row\",\"children\":[{\"type\":\"column\",\"props\":{\"image_position\":\"center-center\",\"position_sticky_breakpoint\":\"m\"},\"children\":[{\"type\":\"grid\",\"props\":{\"content_column_breakpoint\":\"m\",\"filter\":false,\"filter_align\":\"left\",\"filter_all\":true,\"filter_grid_breakpoint\":\"m\",\"filter_grid_width\":\"auto\",\"filter_position\":\"top\",\"filter_style\":\"tab\",\"grid_column_gap\":\"small\",\"grid_default\":\"1\",\"grid_medium\":\"3\",\"grid_row_gap\":\"small\",\"icon_width\":80,\"image_align\":\"top\",\"image_grid_breakpoint\":\"m\",\"image_grid_width\":\"1-2\",\"image_height\":\"570\",\"image_link\":true,\"image_svg_color\":\"emphasis\",\"image_transition\":\"scale-up\",\"image_width\":\"1000\",\"item_animation\":true,\"lightbox_bg_close\":true,\"link_style\":\"default\",\"link_text\":\"Mehr lesen\",\"margin\":\"default\",\"meta_align\":\"above-title\",\"meta_element\":\"div\",\"meta_style\":\"text-meta\",\"panel_image_no_padding\":true,\"panel_padding\":\"default\",\"panel_style\":\"card-primary\",\"parallax_easing\":\"1\",\"show_content\":true,\"show_hover_image\":true,\"show_hover_video\":true,\"show_image\":true,\"show_link\":true,\"show_meta\":true,\"show_title\":true,\"show_video\":true,\"title_align\":\"top\",\"title_element\":\"h3\",\"title_grid_breakpoint\":\"m\",\"title_grid_width\":\"1-2\",\"title_hover_style\":\"reset\",\"title_link\":true},\"children\":[{\"type\":\"grid_item\",\"source\":{\"query\":{\"name\":\"posts.customPosts\",\"arguments\":{\"terms\":[5],\"category_operator\":\"IN\",\"post_tag_operator\":\"IN\",\"users\":[],\"users_operator\":\"IN\",\"offset\":1,\"limit\":3,\"order\":\"date\",\"order_direction\":\"DESC\"}},\"props\":{\"title\":{\"filters\":{\"search\":\"\"},\"name\":\"title\"},\"meta\":{\"filters\":{\"search\":\"\"},\"arguments\":{\"format\":\"list\",\"separator\":\"|\",\"link_style\":\"\",\"show_publish_date\":true,\"show_author\":false,\"show_comments\":false,\"show_taxonomy\":\"\",\"date_format\":\"\"},\"name\":\"metaString\"},\"content\":{\"filters\":{\"search\":\"\",\"limit\":300},\"arguments\":{\"show_excerpt\":true},\"name\":\"teaser\"},\"image\":{\"filters\":{\"search\":\"\"},\"name\":\"featuredImage.url\"},\"image_alt\":{\"filters\":{\"search\":\"\"},\"name\":\"featuredImage.alt\"},\"tags\":{\"filters\":{\"search\":\"\"},\"arguments\":{\"separator\":\", \",\"show_link\":true,\"link_style\":\"\"},\"name\":\"categoryString\"},\"link\":{\"filters\":{\"search\":\"\"},\"name\":\"link\"}}}}]}]}]},{\"type\":\"row\",\"children\":[{\"type\":\"column\",\"props\":{\"image_position\":\"center-center\",\"position_sticky_breakpoint\":\"m\"},\"children\":[{\"type\":\"button\",\"props\":{\"grid_column_gap\":\"small\",\"grid_row_gap\":\"small\",\"margin\":\"default\"},\"children\":[{\"type\":\"button_item\",\"props\":{\"button_style\":\"default\",\"content\":\"Alle Beitr\\u00e4ge\",\"dialog_layout\":\"modal\",\"dialog_offcanvas_flip\":true,\"icon_align\":\"left\",\"link\":\"aktuelles\\\/\"}}]}]}]}],\"name\":\"Aktuelles \\u2013 \\u00dcbersicht\"},{\"type\":\"section\",\"props\":{\"image_position\":\"center-center\",\"style\":\"default\",\"title_breakpoint\":\"xl\",\"title_position\":\"top-left\",\"title_rotation\":\"left\",\"vertical_align\":\"\",\"width\":\"default\"},\"children\":[{\"type\":\"row\",\"children\":[{\"type\":\"column\",\"props\":{\"image_position\":\"center-center\",\"position_sticky_breakpoint\":\"m\"},\"children\":[{\"type\":\"headline\",\"props\":{\"content\":\"Die F\\u00fchrung\",\"margin\":\"medium\",\"title_element\":\"h1\",\"title_style\":\"h2\"}},{\"type\":\"grid\",\"props\":{\"content_column_breakpoint\":\"m\",\"content_margin\":\"remove\",\"filter\":false,\"filter_align\":\"left\",\"filter_all\":true,\"filter_grid_breakpoint\":\"m\",\"filter_grid_width\":\"auto\",\"filter_position\":\"top\",\"filter_style\":\"tab\",\"grid_column_align\":false,\"grid_column_gap\":\"small\",\"grid_default\":\"1\",\"grid_divider\":false,\"grid_large\":\"4\",\"grid_medium\":\"3\",\"grid_row_align\":false,\"grid_small\":\"2\",\"icon_width\":80,\"image_align\":\"top\",\"image_grid_breakpoint\":\"m\",\"image_grid_width\":\"1-2\",\"image_height\":\"800\",\"image_link\":true,\"image_svg_color\":\"emphasis\",\"image_transition\":\"scale-up\",\"image_width\":\"600\",\"item_animation\":true,\"lightbox\":false,\"lightbox_bg_close\":true,\"lightbox_image_orientation\":true,\"link_style\":\"default\",\"link_text\":\"Mehr lesen\",\"margin\":\"default\",\"meta_align\":\"below-title\",\"meta_element\":\"div\",\"meta_style\":\"text-meta\",\"parallax_easing\":\"1\",\"show_content\":true,\"show_hover_image\":true,\"show_hover_video\":true,\"show_image\":true,\"show_link\":true,\"show_meta\":true,\"show_title\":true,\"show_video\":true,\"title_align\":\"top\",\"title_element\":\"h3\",\"title_grid_breakpoint\":\"m\",\"title_grid_width\":\"1-2\",\"title_hover_style\":\"reset\",\"title_link\":true,\"title_style\":\"h5\"},\"children\":[{\"type\":\"grid_item\",\"source\":{\"query\":{\"name\":\"ansprechpartners.customAnsprechpartners\",\"arguments\":{\"users\":[],\"users_operator\":\"IN\",\"offset\":0,\"limit\":10,\"order\":\"menu_order\",\"order_direction\":\"ASC\",\"order_alphanum\":false}},\"props\":{\"title\":{\"filters\":{\"search\":\"\"},\"name\":\"title\"},\"image\":{\"filters\":{\"search\":\"\"},\"name\":\"featuredImage.url\"},\"image_alt\":{\"filters\":{\"search\":\"\"},\"name\":\"featuredImage.alt\"},\"content\":{\"filters\":{\"search\":\"\"},\"arguments\":{\"show_excerpt\":true},\"name\":\"teaser\"}}}}],\"name\":\"Ansprechpartner:innen\"},{\"type\":\"accordion\",\"props\":{\"collapsible\":true,\"content_column_breakpoint\":\"m\",\"image_align\":\"top\",\"image_grid_breakpoint\":\"m\",\"image_grid_width\":\"1-2\",\"image_svg_color\":\"emphasis\",\"link_style\":\"default\",\"link_text\":\"Read more\",\"show_image\":true,\"show_link\":true},\"children\":[{\"type\":\"accordion_item\",\"props\":{\"content\":\"\n\n<p><strong>Freiwillige Feuerwehr Freiburg<\\\/strong><br \\\/>Abt. 06 \\u2013 St. Georgen<br \\\/><span>Alice-Salomon-Stra\\u00dfe 51, 79111 Freiburg<br \\\/><\\\/span>Mail:\\u00a0<a href=\\\"mailto:st.georgen@feuerwehr-freiburg.de\\\">st.georgen@feuerwehr-freiburg.de<\\\/a><\\\/p>\",\"title\":\"Kontakt zur Abteilung\"}}]}]}]}],\"name\":\"F\\u00fchrung\"},{\"type\":\"section\",\"props\":{\"image_position\":\"center-center\",\"style\":\"primary\",\"title_breakpoint\":\"xl\",\"title_position\":\"top-left\",\"title_rotation\":\"left\",\"vertical_align\":\"\",\"width\":\"default\"},\"children\":[{\"type\":\"row\",\"children\":[{\"type\":\"column\",\"props\":{\"image_position\":\"center-center\",\"position_sticky_breakpoint\":\"m\"},\"children\":[{\"type\":\"headline\",\"props\":{\"content\":\"Unser Feuerwehrhaus\",\"title_element\":\"h1\"}},{\"type\":\"text\",\"props\":{\"column_breakpoint\":\"m\",\"content\":\"\n\n<div class=\\\"uk-accordion-content\\\">\\n\n\n<div class=\\\"el-content uk-panel\\\">\\n\n\n<p>Wir sind stolz auf unser ger\\u00e4umiges und praktikables Feuerwehrhaus in der Alice-Solomon-Stra\\u00dfe. Erst 2019 konnten wir hier eine Heimat finden, nachdem unsere Fahrzeuge jahrzehnte lang in beengten R\\u00e4umlichkeiten unterkommen mussten. Insgesamt 591 m\\u00b2 Nutzfl\\u00e4che in 2 Geschossen bieten Unterkunft f\\u00fcr Einsatzmittel und Einsatzpersonal. Im Erdgeschoss ist die Halle f\\u00fcr drei Einsatzfahrzeuge mit Umkleidebereichen, Sanit\\u00e4r- und Lagerr\\u00e4umen untergebracht.<\\\/p>\\n\n\n<p>Im Obergeschoss gibt es B\\u00fcros, Sanit\\u00e4ranlagen, den Technik- und Abstellraum, eine K\\u00fcche sowie einen Mehrzweckraum der f\\u00fcr Schulungen aber auch f\\u00fcr das kameradschaftliche Beisammensein genutzt wird. Die Balkone und Treppen eigenen sich perfekt f\\u00fcr unsere \\u00dcbungsabende: Hier k\\u00f6nnen wir Anleitern, Rettung und Abseilen \\u00fcben.<\\\/p>\\n<\\\/div>\\n<\\\/div>\",\"margin\":\"default\",\"text_style\":\"lead\"}},{\"type\":\"image\",\"props\":{\"image\":\"wp-content\\\/uploads\\\/sites\\\/6\\\/2022\\\/09\\\/PHOTO-2021-11-06-15-56-41-e1664551125275.jpg\",\"image_svg_color\":\"emphasis\",\"margin\":\"default\"}}]}]}],\"name\":\"Einleitung\"},{\"type\":\"section\",\"props\":{\"image_position\":\"center-center\",\"style\":\"default\",\"title_breakpoint\":\"xl\",\"title_position\":\"top-left\",\"title_rotation\":\"left\",\"vertical_align\":\"\",\"width\":\"default\"},\"children\":[{\"type\":\"row\",\"children\":[{\"type\":\"column\",\"props\":{\"image_position\":\"center-center\",\"position_sticky_breakpoint\":\"m\"},\"children\":[{\"type\":\"accordion\",\"props\":{\"collapsible\":false,\"content_column_breakpoint\":\"m\",\"image_align\":\"top\",\"image_grid_breakpoint\":\"m\",\"image_grid_width\":\"1-2\",\"image_svg_color\":\"emphasis\",\"link_style\":\"default\",\"link_text\":\"Read more\",\"multiple\":true,\"show_image\":true,\"show_link\":true},\"children\":[{\"type\":\"accordion_item\",\"props\":{\"content\":\"\n\n<p>Unsere Jugend trifft sich jeden Montag abend und bereitet sich auf den Dienst als Erwachsene in der Einsatzabteilung vor.<\\\/p>\\n\n\n<p>Neben den Grundt\\u00e4tigkeiten der Feuerwehr Retten, L\\u00f6schen, Bergen und Sch\\u00fctzen lernen die Jugendlichen viele praxisrelevante Themen, die sie auch im Alltag gut nutzen k\\u00f6nnen.<\\\/p>\\n\n\n<p>Die Kameradschaft steht dabei an erster Stelle.<\\\/p>\\n\n\n<p>Wir \\u00fcben jeden Montagabend von 18:30 Uhr bis ca. 19:30 Uhr (nicht in den Ferien sowie Winterpause von den Winterferien bis nach den Fasnachtsferien). Interessierte Jugendliche im Alter von 10 bis 18 Jahren sind herzlich willkommen, uns am \\u00dcbungsabend zu besuchen.<\\\/p>\\n\n\n<p>Unsere Jugendbetreuer Michael Steiert und Max Hercher freuen sich auf die Kontaktaufnahme unter JF-St.Georgen@feuerwehr-freiburg.de<\\\/p>\\n\n\n<p><\\\/p>\\n\n\n<p><\\\/p>\\n\n\n<p><\\\/p>\",\"image\":\"wp-content\\\/uploads\\\/sites\\\/6\\\/2023\\\/02\\\/Schnelle-Jungs.png\",\"title\":\"Unsere Jugendfeuerwehr\"}},{\"type\":\"accordion_item\",\"props\":{\"content\":\"\n\n<p>Die Feuerwehr Freiburg-St. Georgen blickt auf eine lange Geschichte zur\\u00fcck.<\\\/p>\\n\n\n<p>1865 wurden in St. Georgen zun\\u00e4chst zwei Abteilungen der freiwilligen Feuerwehr in Uffhausen und Wendlingen gegr\\u00fcndet. 1872 wurden beide Wehren zusammengeschlossen, in dieser Zeit waren\\u00a0 insgesamt 132 Kameraden aktiv.<\\\/p>\\n\n\n<p>Die von der <span>f\\u00fcrstlich-heitersheimschen Regierung Ende des 18. Jahrhunderts erbauten Spritzenh\\u00e4user in Uffhausen bei der Stube und in Wendlingen in der Malteserordensstra\\u00dfe wurden Ende der 1960er-Jahre aufgegeben. Diese Spritzenh\\u00e4user dienten lediglich der Aufbewahrung bzw. Lagerung der Einsatzmaterialien. Umkleidem\\u00f6glichkeiten oder gar ein Mannschaftsraum waren nicht vorgesehen und die Einsatzkleidung wurde zuhause aufbewahrt. <\\\/span><\\\/p>\\n\n\n<p>Die Eingemeindung St. Georgens in die Stadt Freiburg war 1936 die Geburtsstunde des L\\u00f6schzugs 6 als Teil der Freiwilligen Feuerwehr Freiburg.<\\\/p>\\n\n\n<p>Der L\\u00f6schzug 6 nutzte das Ger\\u00e4tehaus am Vorarlberger Weg bis 2019, dann konnte das moderne Geb\\u00e4udes an der Alice-Salomon-Stra\\u00dfe bezogen werden.<\\\/p>\\n\n\n<p><\\\/p>\\n\n\n<p><\\\/p>\\n\n\n<p><\\\/p>\",\"image\":\"wp-content\\\/uploads\\\/sites\\\/6\\\/2022\\\/10\\\/14489DD4-3A21-4270-AB69-78C043F15856.jpeg\",\"link\":\"ansprechpartner\\\/abteilungskommandant-abt-15\\\/\",\"title\":\"Historie\"}}]}]}]}]},{\"type\":\"section\",\"props\":{\"image_position\":\"center-center\",\"style\":\"default\",\"title_breakpoint\":\"xl\",\"title_position\":\"top-left\",\"title_rotation\":\"left\",\"vertical_align\":\"\",\"width\":\"default\"},\"children\":[{\"type\":\"row\",\"children\":[{\"type\":\"column\",\"props\":{\"image_position\":\"center-center\",\"position_sticky_breakpoint\":\"m\"},\"children\":[{\"type\":\"headline\",\"props\":{\"content\":\"Unsere Fahrzeuge\",\"margin\":\"medium\",\"title_element\":\"h1\",\"title_style\":\"h2\"}},{\"type\":\"grid\",\"props\":{\"content_column_breakpoint\":\"m\",\"filter\":true,\"filter_align\":\"left\",\"filter_all\":true,\"filter_all_label\":\"Alle\",\"filter_grid_breakpoint\":\"m\",\"filter_grid_width\":\"auto\",\"filter_position\":\"top\",\"filter_style\":\"tab\",\"grid_column_align\":false,\"grid_default\":\"1\",\"grid_divider\":false,\"grid_large\":\"4\",\"grid_medium\":\"3\",\"grid_row_align\":true,\"grid_small\":\"2\",\"icon_width\":\"70\",\"image_align\":\"top\",\"image_grid_breakpoint\":\"m\",\"image_grid_width\":\"1-2\",\"image_height\":\"533\",\"image_link\":true,\"image_svg_color\":\"emphasis\",\"image_transition\":\"scale-up\",\"image_width\":\"800\",\"item_animation\":true,\"lightbox\":false,\"lightbox_bg_close\":true,\"link_style\":\"default\",\"link_text\":\"\",\"margin\":\"default\",\"meta_align\":\"below-title\",\"meta_element\":\"div\",\"meta_style\":\"text-meta\",\"panel_link\":false,\"parallax_easing\":\"1\",\"show_content\":false,\"show_hover_image\":true,\"show_hover_video\":true,\"show_image\":true,\"show_link\":true,\"show_meta\":false,\"show_title\":true,\"show_video\":true,\"title_align\":\"top\",\"title_element\":\"h3\",\"title_grid_breakpoint\":\"m\",\"title_grid_width\":\"1-2\",\"title_hover_style\":\"reset\",\"title_link\":true,\"title_style\":\"h5\"},\"children\":[{\"type\":\"grid_item\",\"source\":{\"query\":{\"name\":\"fahrzeugs.customFahrzeugs\",\"arguments\":{\"terms\":[],\"category_operator\":\"IN\",\"users\":[],\"users_operator\":\"IN\",\"offset\":0,\"limit\":10,\"order\":\"title\",\"order_direction\":\"ASC\",\"post_tag_operator\":\"IN\"}},\"props\":{\"title\":{\"filters\":{\"search\":\"\",\"before\":\"\"},\"name\":\"title\"},\"content\":{\"filters\":{\"search\":\"\"},\"arguments\":{\"show_excerpt\":true,\"show_content\":true},\"name\":\"teaser\"},\"image\":{\"filters\":{\"search\":\"\"},\"name\":\"featuredImage.url\"},\"image_alt\":{\"filters\":{\"search\":\"\"},\"name\":\"featuredImage.alt\"},\"link\":{\"filters\":{\"search\":\"\"},\"name\":\"link\"},\"meta\":{\"filters\":{\"search\":\"\"},\"arguments\":{\"format\":\"list\",\"separator\":\"|\",\"link_style\":\"\",\"show_publish_date\":true,\"show_author\":true,\"show_comments\":true,\"show_taxonomy\":\"\",\"date_format\":\"\"},\"name\":\"metaString\"}}}}],\"name\":\"Fahrzeuge\"}]}]}],\"name\":\"Fahrzeuge\"},{\"type\":\"section\",\"props\":{\"image_position\":\"center-center\",\"style\":\"default\",\"title_breakpoint\":\"xl\",\"title_position\":\"top-left\",\"title_rotation\":\"left\",\"vertical_align\":\"\",\"width\":\"default\"},\"children\":[{\"type\":\"row\",\"children\":[{\"type\":\"column\",\"props\":{\"image_position\":\"center-center\",\"position_sticky_breakpoint\":\"m\"},\"children\":[{\"type\":\"headline\",\"props\":{\"content\":\"Unsere Eins\\u00e4tze\",\"margin\":\"medium\",\"title_element\":\"h1\",\"title_style\":\"h2\"}},{\"type\":\"text\",\"props\":{\"column_breakpoint\":\"m\",\"content\":\"\n\n<p>[wpdatatable id=1]<\\\/p>\",\"margin\":\"default\"}}]}]},{\"type\":\"row\",\"children\":[{\"type\":\"column\",\"props\":{\"image_position\":\"center-center\",\"position_sticky_breakpoint\":\"m\"},\"children\":[{\"type\":\"button\",\"props\":{\"grid_column_gap\":\"small\",\"grid_row_gap\":\"small\",\"margin\":\"default\"},\"children\":[{\"type\":\"button_item\",\"props\":{\"button_style\":\"default\",\"content\":\"Alle Eins\\u00e4tze der Feuerwehr Freiburg\",\"dialog_layout\":\"modal\",\"dialog_offcanvas_flip\":true,\"icon_align\":\"left\",\"link\":\"http:\\\/\\\/feuerwehr-freiburg.dc\\\/wir-ueber-uns\\\/unsere-einsaetze\\\/\"}}]}]}]}]}],\"version\":\"4.5.33\"} --><\/p>\n","protected":false},"excerpt":{"rendered":"<p>Abteilung 06 St. Georgen Unsere Eins\u00e4tze Die Freiwillige Feuerwehr Freiburg-St. Georgen blickt auf eine \u00fcber 100-j\u00e4hrige Geschichte zur\u00fcck: Gegr\u00fcndet wurden zun\u00e4chst 1865 die Feuerwehren Uffhausen und Wendlingen,\u00a0 die sich 1872 zusammenschlossen. Zu diesem Zeitpunkt waren bis zu 132 ehrenamtliche Kameraden im Einsatz. Das 150-j\u00e4hrige Jubil\u00e4um wurde 2015 auch besonders gefeiert. 2022 sind 27 Kameraden aktiv [&hellip;]<\/p>\n","protected":false},"author":5,"featured_media":369,"parent":0,"menu_order":0,"comment_status":"closed","ping_status":"closed","template":"","meta":{"footnotes":""},"class_list":["post-2","page","type-page","status-publish","has-post-thumbnail","hentry"],"distributor_meta":false,"distributor_terms":false,"distributor_media":false,"distributor_original_site_name":"06 St. Georgen","distributor_original_site_url":"https:\/\/feuerwehr-freiburg.de\/abt06","push-errors":false,"_links":{"self":[{"href":"https:\/\/feuerwehr-freiburg.de\/abt06\/wp-json\/wp\/v2\/pages\/2","targetHints":{"allow":["GET"]}}],"collection":[{"href":"https:\/\/feuerwehr-freiburg.de\/abt06\/wp-json\/wp\/v2\/pages"}],"about":[{"href":"https:\/\/feuerwehr-freiburg.de\/abt06\/wp-json\/wp\/v2\/types\/page"}],"author":[{"embeddable":true,"href":"https:\/\/feuerwehr-freiburg.de\/abt06\/wp-json\/wp\/v2\/users\/5"}],"replies":[{"embeddable":true,"href":"https:\/\/feuerwehr-freiburg.de\/abt06\/wp-json\/wp\/v2\/comments?post=2"}],"version-history":[{"count":150,"href":"https:\/\/feuerwehr-freiburg.de\/abt06\/wp-json\/wp\/v2\/pages\/2\/revisions"}],"predecessor-version":[{"id":918,"href":"https:\/\/feuerwehr-freiburg.de\/abt06\/wp-json\/wp\/v2\/pages\/2\/revisions\/918"}],"wp:featuredmedia":[{"embeddable":true,"href":"https:\/\/feuerwehr-freiburg.de\/abt06\/wp-json\/wp\/v2\/media\/369"}],"wp:attachment":[{"href":"https:\/\/feuerwehr-freiburg.de\/abt06\/wp-json\/wp\/v2\/media?parent=2"}],"curies":[{"name":"wp","href":"https:\/\/api.w.org\/{rel}","templated":true}]}}