{"id":372,"date":"2022-07-15T10:32:05","date_gmt":"2022-07-15T08:32:05","guid":{"rendered":"https:\/\/feuerwehr-freiburg.dcos.de\/abt05\/?page_id=372"},"modified":"2025-07-03T11:01:03","modified_gmt":"2025-07-03T09:01:03","slug":"ueberuns","status":"publish","type":"page","link":"https:\/\/feuerwehr-freiburg.de\/abt05\/ueberuns\/","title":{"rendered":"\u00dcber uns"},"content":{"rendered":"<ul>\n<li>\n<p>        <img decoding=\"async\" src=\"\/abt05\/wp-content\/uploads\/sites\/4\/2022\/08\/IMG_0042-scaled.jpg\" alt=\"Die Mannschaft der Abteilung 05 Rieselfeld vor der DLK\"><\/p>\n<h3><span class=\"uk-text-primary\">Lust auf Feuerwehr?<\/span><br \/> Bei uns bist Du richtig!<\/h3>\n<\/li>\n<li>\n<p>        <img decoding=\"async\" src=\"\/abt05\/wp-content\/uploads\/sites\/4\/2022\/12\/a8881b79-e15b-4f12-ad3e-060dfcc04079.jpeg\" alt=\"\"><\/p>\n<h3><span class=\"uk-text-primary\"> Dich erwarten einzigartige Erlebnisse.<\/span><br \/> <span class=\"uk-text-muted\">Brennst Du auch drauf?<\/span><br \/> <\/h3>\n<\/li>\n<li>\n<p>        <img decoding=\"async\" src=\"\/abt05\/wp-content\/uploads\/sites\/4\/2022\/12\/IMG_9133-scaled.jpg\" alt=\"\"><\/p>\n<h3><span class=\"uk-text-primary\">Wir warten auf Dich!<\/span><br \/> Sei dabei im Rieselfeld<\/h3>\n<\/li>\n<\/ul>\n<h1>Wir suchen Verst\u00e4rkung!<\/h1>\n<div>\n<p>Du m\u00f6chtest in unserer Abteilung aktiv werden? Wir freuen uns darauf, Dich pers\u00f6nlich kennenzulernen. Unsere Mannschaft besteht aus ganz normalen M\u00e4nnern und Frauen \u2013 in unseren eigentlichen Berufen machen wir die unterschiedlichsten Dinge. F\u00fcr unser Ehrenamt bei der Freiwilligen Feuerwehr kommen wir f\u00fcr gemeinsame \u00dcbungen immer im dreiw\u00f6chigen Rhythmus zusammen: <a href=\"https:\/\/feuerwehr-freiburg.de\/abt05\/termine\/\">Donnerstags- und Freitagbabend<\/a> (immer im Wechsel) treffen wir uns um 18.45 Uhr am Ger\u00e4tehaus. An einigen Wochenenden finden dar\u00fcber hinaus separate Lehrg\u00e4nge statt sowie einmal im Jahr die Belastungs\u00fcbung auf der Atemschutzstrecke in der <a href=\"https:\/\/www.fueba.de\/\">Feuerwehr\u00fcbungsanlage Eschbach<\/a>.<\/p>\n<\/div>\n<p><img decoding=\"async\" src=\"\/abt05\/wp-content\/uploads\/sites\/4\/2022\/07\/DJI_0328-scaled.jpg\" alt=\"\"><\/p>\n<div>\n<p><strong>Vorkenntnisse sind nicht notwendig \u2013 Du musst jedoch folgende Voraussetzungen erf\u00fcllen:<\/strong><\/p>\n<ul>\n<li>mindestens 18 Jahre alt (Noch nicht vollj\u00e4hrig? Dann komm zu unserer <a href=\"https:\/\/feuerwehr-freiburg.de\/jf\/jf-gruppen\/gruppe-rieselfeld\/\" target=\"_blank\" rel=\"noopener\">Jugendfeuerwehr!<\/a>)<\/li>\n<li>gute k\u00f6rperliche und geistige Konstitution<\/li>\n<li>Bereitschaft zu einer l\u00e4ngeren Dienstzeit<\/li>\n<li>keine Vorstrafen<a href=\"https:\/\/feuerwehr-freiburg.de\/jf\/jf-gruppen\/gruppe-rieselfeld\/\" target=\"_blank\" rel=\"noopener\"><\/a><\/li>\n<\/ul>\n<\/div>\n<div>\n<p><strong>Wir k\u00f6nnen nicht nur Feuerwehr:<\/strong><\/p>\n<p>Kameradschaftspflege ist uns sehr wichtig. Deswegen unternehmen wir auch \u00f6fter was miteinander \u2013 selbstverst\u00e4ndlich privat, aber auch innerhalb unserer Abteilung. Im Anschluss an unsere \u00dcbungen finden zum Beispiel regelm\u00e4\u00dfig Grillabende statt. Auch die j\u00e4hrliche Weihnachtsfeier darf nicht fehlen. Einen besonderen H\u00f6hepunkt bildet nat\u00fcrlich der j\u00e4hrliche Ausflug unserer Abteilung.<\/p>\n<\/div>\n<ul>\n<li>\n<p>        <img decoding=\"async\" src=\"\/abt05\/wp-content\/uploads\/sites\/4\/2025\/07\/IMG_1011-scaled.jpg\" alt=\"\"><\/p>\n<\/li>\n<li>\n<p>        <img decoding=\"async\" src=\"\/abt05\/wp-content\/uploads\/sites\/4\/2022\/08\/IMG_3851.jpeg\" alt=\"\"><\/p>\n<\/li>\n<li>\n<p>        <img decoding=\"async\" src=\"\/abt05\/wp-content\/uploads\/sites\/4\/2022\/08\/IMG-20210919-WA0078.jpg\" alt=\"Abteilung 05 Rieselfeld zu Besuch bei der Berufsfeuerwehr Karlsruhe 2021\"><\/p>\n<\/li>\n<li>\n<p>        <img decoding=\"async\" src=\"\/abt05\/wp-content\/uploads\/sites\/4\/2022\/08\/kameradschaft.jpg\" alt=\"Bereitschaft vorm Ger\u00e4tehaus\"><\/p>\n<\/li>\n<li>\n<p>        <img decoding=\"async\" src=\"\/abt05\/wp-content\/uploads\/sites\/4\/2025\/07\/IMG_1058-scaled.jpg\" alt=\"\"><\/p>\n<\/li>\n<li>\n<p>        <img decoding=\"async\" src=\"\/abt05\/wp-content\/uploads\/sites\/4\/2022\/12\/IMG_9138-scaled.jpg\" alt=\"\"><\/p>\n<\/li>\n<li>\n<p>        <img decoding=\"async\" src=\"\/abt05\/wp-content\/uploads\/sites\/4\/2025\/07\/IMG_0996-scaled.jpg\" alt=\"\"><\/p>\n<\/li>\n<li>\n<p>        <img decoding=\"async\" src=\"\/abt05\/wp-content\/uploads\/sites\/4\/2022\/08\/IMG-20220617-WA0064.jpg\" alt=\"\"><\/p>\n<\/li>\n<li>\n<p>        <img decoding=\"async\" src=\"\/abt05\/wp-content\/uploads\/sites\/4\/2022\/10\/IMG-20220619-WA0008.jpg\" alt=\"\"><\/p>\n<\/li>\n<li>\n<p>        <img decoding=\"async\" src=\"\/abt05\/wp-content\/uploads\/sites\/4\/2022\/08\/RemoteMediaFile_6553813_0_2022_06_18_10_18_10-scaled.jpg\" alt=\"\"><\/p>\n<\/li>\n<li>\n<p>        <img decoding=\"async\" src=\"\/abt05\/wp-content\/uploads\/sites\/4\/2022\/12\/515336f1-17f6-4e11-834f-ba5721659b2d.jpeg\" alt=\"\"><\/p>\n<\/li>\n<li>\n<p>        <img decoding=\"async\" src=\"\/abt05\/wp-content\/uploads\/sites\/4\/2022\/12\/1746e127-3398-4ff3-bcc1-40c6b60e9ea3-scaled.jpeg\" alt=\"\"><\/p>\n<\/li>\n<li>\n<p>        <img decoding=\"async\" src=\"\/abt05\/wp-content\/uploads\/sites\/4\/2022\/12\/f96b2928-569b-4b31-95ed-a9406748fa0b.jpeg\" alt=\"\"><\/p>\n<\/li>\n<li>\n<p>        <img decoding=\"async\" src=\"\/abt05\/wp-content\/uploads\/sites\/4\/2022\/12\/IMG_9050-scaled.jpg\" alt=\"\"><\/p>\n<\/li>\n<li>\n<p>        <img decoding=\"async\" src=\"\/abt05\/wp-content\/uploads\/sites\/4\/2025\/07\/IMG_0993-scaled.jpg\" alt=\"\"><\/p>\n<\/li>\n<\/ul>\n<h1>Was Dich bei uns erwartet:<\/h1>\n<ul>\n<li>\n<div>\n<p>Kameradschaft und Zusammenhalt<\/p>\n<\/div>\n<\/li>\n<li>\n<div>\n<p>regelm\u00e4\u00dfige Ausbildungsveranstaltungen und Lehrg\u00e4nge<\/p>\n<\/div>\n<\/li>\n<li>\n<div>\n<p>Abwechslung zum Alltag<\/p>\n<\/div>\n<\/li>\n<li>\n<div>\n<p>gemeinsame Veranstaltungen und Ausfl\u00fcge<\/p>\n<\/div>\n<\/li>\n<\/ul>\n<ul>\n<li>\n<div>\n<p>einzigartige Erlebnisse<\/p>\n<\/div>\n<\/li>\n<li>\n<div>\n<p><span>topmoderne Ausr\u00fcstung <\/span><\/p>\n<\/div>\n<\/li>\n<li>\n<div>\n<p>Teamwork und ein tolles Hobby<\/p>\n<\/div>\n<\/li>\n<li>\n<div>\n<p>die Chance, anderen Menschen zu helfen<\/p>\n<\/div>\n<\/li>\n<\/ul>\n<ul>\n<li>\n<div>\n<p>ein spannendes und abwechslungsreiches Ehrenamt<\/p>\n<\/div>\n<\/li>\n<li>\n<div>\n<p>neue Freundschaften<\/p>\n<\/div>\n<\/li>\n<li>\n<div>\n<p>und nicht zu vergessen:<strong> Jede Menge Spa\u00df!<\/strong><\/p>\n<\/div>\n<\/li>\n<\/ul>\n<h1>\n<h4>Aber das ist noch nicht alles&#8230;<\/h4>\n<\/h1>\n<div>\n<p>&#8230;dar\u00fcber hinaus erhalten Mitglieder der Freiwilligen Feuerwehr Freiburg:<\/p>\n<\/div>\n<ul>\n<li>\n<div>\n<p>eine erm\u00e4\u00dfigte Mitgliedschaft in ausgew\u00e4hlten Fitnessstudios,<\/p>\n<\/div>\n<\/li>\n<li>\n<div>\n<p>regelm\u00e4\u00dfige \u00e4rztliche Vorsorgeuntersuchungen<\/p>\n<\/div>\n<\/li>\n<li>\n<div>\n<p>sowie kostenlosen Eintritt in Freiburger B\u00e4der.<\/p>\n<\/div>\n<\/li>\n<\/ul>\n<h1>Kontakt<\/h1>\n<ul>\n<li>\n<p>        <img decoding=\"async\" src=\"\/abt05\/wp-content\/uploads\/sites\/4\/2023\/04\/2023-Michael-Mueller-scaled.jpg\" alt=\"\"><\/p>\n<h3>Michael M\u00fcller<\/h3>\n<p>Abteilungskommandant<\/p>\n<\/li>\n<li>\n<p>        <img decoding=\"async\" src=\"\/abt05\/wp-content\/uploads\/sites\/4\/2023\/04\/Marc-Rumohr-scaled.jpg\" alt=\"\"><\/p>\n<h3>Marc Rumohr<\/h3>\n<p>Mannschaftsvertreter<\/p>\n<\/li>\n<li>\n<h3>Du m\u00f6chtest mitmachen?<\/h3>\n<div>\n<p>Wenn Du im Rieselfeld, in Weingarten oder im n\u00f6rdlichen Teil von Haid wohnst, bist Du bei uns richtig! Wir freuen uns darauf, Dich als neues Mitglied unserer Mannschaft zu begr\u00fc\u00dfen.<\/p>\n<\/div>\n<p><a href=\"mailto:rieselfeld@feuerwehr-freiburg.de\">Melde Dich bei uns!<\/a><\/p>\n<\/li>\n<\/ul>\n<div>\n<p><strong>Ablauf vom Anw\u00e4rter bis zum Mannschaftsmitglied in der Abteilung 05 Rieselfeld:<\/strong><\/p>\n<p>In der Regel l\u00e4uft es bei uns so ab, dass Du erst einmal zu einem Gespr\u00e4ch mit unserem Abteilungskommandanten sowie unserem Mannschaftsvertreter im Ger\u00e4tehaus eingeladen wirst. Hier erf\u00e4hrst Du alles \u00fcber die Struktur der Freiwilligen Feuerwehr Freiburg und die Aufgabengebiete unserer Abteilung. Im Anschluss stellen sie Dich bei einem \u00dcbungsabend der Mannschaft vor \u2013 und Du kannst fortan als Anw\u00e4rterin oder Anw\u00e4rter bei unseren \u00dcbungsabenden dabei sein.<\/p>\n<\/p>\n<p>Die Anw\u00e4rterschaft dauert im Schnitt sechs Monate. In dieser Zeit lernst Du uns und wir Dich besser kennen. Das ist f\u00fcr beide Seiten wichtig: Du kannst besser entscheiden, ob die Freiwillige Feuerwehr das richtige f\u00fcr Dich ist und du zu unserer Mannschaft passt. Und wir sehen, ob Du aktiv bei unseren \u00dcbungen dabei bist und damit das notwendige Engagement f\u00fcr dieses Ehrenamt mitbringst.<\/p>\n<\/p>\n<p>Sobald Du in unsere Mannschaft aufgenommen wirst, geht es f\u00fcr Dich zur Grundausbildung (sofern Du diese noch nicht hast). Diese Grundausbildung dauert 70 Stunden. Hinzu kommen ein 16-st\u00fcndiger Sprechfunker-, ein 25-st\u00fcndiger Atemschutzger\u00e4tetr\u00e4ger-Lehrgang sowie ein Motors\u00e4gen-Lehrgang am Wochenende.<\/p>\n<\/div>\n<p><p>\n        <a href=\"mailto:rieselfeld@feuerwehr-freiburg.de\">Immer noch Lust? Perfekt! Schreib uns einfach.<\/a>\n    <\/p>\n<\/p>\n<p><!--more--><br \/>\n<!-- {\"type\":\"layout\",\"children\":[{\"type\":\"section\",\"props\":{\"id\":\"hero\",\"image_position\":\"center-center\",\"padding\":\"none\",\"style\":\"default\",\"title_breakpoint\":\"xl\",\"title_position\":\"top-left\",\"title_rotation\":\"left\",\"vertical_align\":\"\",\"width\":\"\"},\"children\":[{\"type\":\"row\",\"children\":[{\"type\":\"column\",\"props\":{\"image_position\":\"center-center\",\"position_sticky_breakpoint\":\"m\"},\"children\":[{\"type\":\"slideshow\",\"props\":{\"link_style\":\"default\",\"link_text\":\"Read more\",\"margin\":\"default\",\"meta_align\":\"below-title\",\"meta_element\":\"div\",\"meta_style\":\"text-meta\",\"nav\":\"dotnav\",\"nav_align\":\"center\",\"nav_breakpoint\":\"s\",\"nav_position\":\"bottom-center\",\"nav_position_margin\":\"medium\",\"overlay_animation\":\"fade\",\"overlay_container\":\"default\",\"overlay_position\":\"center-left\",\"show_content\":true,\"show_link\":true,\"show_meta\":true,\"show_thumbnail\":true,\"show_title\":true,\"slidenav\":\"default\",\"slidenav_breakpoint\":\"s\",\"slidenav_large\":true,\"slidenav_margin\":\"medium\",\"slidenav_outside_breakpoint\":\"xl\",\"slideshow_animation\":\"fade\",\"slideshow_autoplay\":true,\"slideshow_autoplay_pause\":true,\"slideshow_height\":\"viewport\",\"slideshow_height_offset_top\":true,\"slideshow_height_viewport\":80,\"slideshow_min_height\":300,\"text_color\":\"light\",\"thumbnav_height\":\"75\",\"thumbnav_svg_color\":\"emphasis\",\"thumbnav_width\":\"100\",\"title_element\":\"h3\",\"title_hover_style\":\"reset\",\"title_style\":\"heading-medium\"},\"children\":[{\"type\":\"slideshow_item\",\"props\":{\"image\":\"wp-content\\\/uploads\\\/sites\\\/4\\\/2022\\\/08\\\/IMG_0042-scaled.jpg\",\"image_alt\":\"Die Mannschaft der Abteilung 05 Rieselfeld vor der DLK\",\"media_overlay\":\"rgba(0, 0, 0, 0.5)\",\"title\":\"<span class=\\\"uk-text-primary\\\">Lust auf Feuerwehr?<\\\/span><br \/> Bei uns bist Du richtig!\"}},{\"type\":\"slideshow_item\",\"props\":{\"image\":\"wp-content\\\/uploads\\\/sites\\\/4\\\/2022\\\/12\\\/a8881b79-e15b-4f12-ad3e-060dfcc04079.jpeg\",\"title\":\"<span class=\\\"uk-text-primary\\\"> Dich erwarten einzigartige Erlebnisse.<\\\/span><br \/> <span class=\\\"uk-text-muted\\\">Brennst Du auch drauf?<\\\/span><br \/> \"}},{\"type\":\"slideshow_item\",\"props\":{\"image\":\"wp-content\\\/uploads\\\/sites\\\/4\\\/2022\\\/12\\\/IMG_9133-scaled.jpg\",\"title\":\"<span class=\\\"uk-text-primary\\\">Wir warten auf Dich!<\\\/span><br \/> Sei dabei im Rieselfeld\"}}]}]}]}],\"name\":\"Titelbereich\"},{\"type\":\"section\",\"props\":{\"image_position\":\"center-center\",\"style\":\"default\",\"title_breakpoint\":\"xl\",\"title_position\":\"top-left\",\"title_rotation\":\"left\",\"vertical_align\":\"\",\"width\":\"default\"},\"children\":[{\"type\":\"row\",\"props\":{\"layout\":\"1-2,1-2\"},\"children\":[{\"type\":\"column\",\"props\":{\"image_position\":\"center-center\",\"position_sticky_breakpoint\":\"m\",\"width_medium\":\"1-2\"},\"children\":[{\"type\":\"headline\",\"props\":{\"content\":\"Wir suchen Verst\\u00e4rkung!\",\"title_element\":\"h1\"}},{\"type\":\"text\",\"props\":{\"column_breakpoint\":\"m\",\"content\":\"\n\n<p>Du m\\u00f6chtest in unserer Abteilung aktiv werden? Wir freuen uns darauf, Dich pers\\u00f6nlich kennenzulernen. Unsere Mannschaft besteht aus ganz normalen M\\u00e4nnern und Frauen \\u2013 in unseren eigentlichen Berufen machen wir die unterschiedlichsten Dinge. F\\u00fcr unser Ehrenamt bei der Freiwilligen Feuerwehr kommen wir f\\u00fcr gemeinsame \\u00dcbungen immer im dreiw\\u00f6chigen Rhythmus zusammen: <a href=\\\"https:\\\/\\\/feuerwehr-freiburg.de\\\/abt05\\\/termine\\\/\\\">Donnerstags- und Freitagbabend<\\\/a> (immer im Wechsel) treffen wir uns um 18.45 Uhr am Ger\\u00e4tehaus. An einigen Wochenenden finden dar\\u00fcber hinaus separate Lehrg\\u00e4nge statt sowie einmal im Jahr die Belastungs\\u00fcbung auf der Atemschutzstrecke in der <a href=\\\"https:\\\/\\\/www.fueba.de\\\/\\\">Feuerwehr\\u00fcbungsanlage Eschbach<\\\/a>.<\\\/p>\",\"margin\":\"default\"}}]},{\"type\":\"column\",\"props\":{\"image_position\":\"center-center\",\"position_sticky_breakpoint\":\"m\",\"width_medium\":\"1-2\"},\"children\":[{\"type\":\"image\",\"props\":{\"image\":\"wp-content\\\/uploads\\\/sites\\\/4\\\/2022\\\/07\\\/DJI_0328-scaled.jpg\",\"image_svg_color\":\"emphasis\",\"margin\":\"default\"}}]}]},{\"type\":\"row\",\"props\":{\"layout\":\"1-2,1-2\"},\"children\":[{\"type\":\"column\",\"props\":{\"image_position\":\"center-center\",\"position_sticky_breakpoint\":\"m\",\"width_medium\":\"1-2\"},\"children\":[{\"type\":\"text\",\"props\":{\"column_breakpoint\":\"m\",\"content\":\"\n\n<p><strong>Vorkenntnisse sind nicht notwendig \\u2013 Du musst jedoch folgende Voraussetzungen erf\\u00fcllen:<\\\/strong><\\\/p>\\n\n\n<ul>\\n\n\n<li>mindestens 18 Jahre alt (Noch nicht vollj\\u00e4hrig? Dann komm zu unserer <a href=\\\"https:\\\/\\\/feuerwehr-freiburg.de\\\/jf\\\/jf-gruppen\\\/gruppe-rieselfeld\\\/\\\" target=\\\"_blank\\\" rel=\\\"noopener\\\">Jugendfeuerwehr!<\\\/a>)<\\\/li>\\n\n\n<li>gute k\\u00f6rperliche und geistige Konstitution<\\\/li>\\n\n\n<li>Bereitschaft zu einer l\\u00e4ngeren Dienstzeit<\\\/li>\\n\n\n<li>keine Vorstrafen<a href=\\\"https:\\\/\\\/feuerwehr-freiburg.de\\\/jf\\\/jf-gruppen\\\/gruppe-rieselfeld\\\/\\\" target=\\\"_blank\\\" rel=\\\"noopener\\\"><\\\/a><\\\/li>\\n<\\\/ul>\",\"margin\":\"default\"}}]},{\"type\":\"column\",\"props\":{\"image_position\":\"center-center\",\"position_sticky_breakpoint\":\"m\",\"width_medium\":\"1-2\"},\"children\":[{\"type\":\"text\",\"props\":{\"column_breakpoint\":\"m\",\"content\":\"\n\n<p><strong>Wir k\\u00f6nnen nicht nur Feuerwehr:<\\\/strong><\\\/p>\\n\n\n<p>Kameradschaftspflege ist uns sehr wichtig. Deswegen unternehmen wir auch \\u00f6fter was miteinander \\u2013 selbstverst\\u00e4ndlich privat, aber auch innerhalb unserer Abteilung. Im Anschluss an unsere \\u00dcbungen finden zum Beispiel regelm\\u00e4\\u00dfig Grillabende statt. Auch die j\\u00e4hrliche Weihnachtsfeier darf nicht fehlen. Einen besonderen H\\u00f6hepunkt bildet nat\\u00fcrlich der j\\u00e4hrliche Ausflug unserer Abteilung.<\\\/p>\",\"margin\":\"default\"}}]}]}]},{\"type\":\"section\",\"props\":{\"image_position\":\"center-center\",\"style\":\"primary\",\"title_breakpoint\":\"xl\",\"title_position\":\"top-left\",\"title_rotation\":\"left\",\"vertical_align\":\"\",\"width\":\"default\"},\"children\":[{\"type\":\"row\",\"children\":[{\"type\":\"column\",\"props\":{\"image_position\":\"center-center\",\"position_sticky_breakpoint\":\"m\"},\"children\":[{\"type\":\"gallery\",\"props\":{\"filter_align\":\"left\",\"filter_all\":true,\"filter_grid_breakpoint\":\"m\",\"filter_grid_width\":\"auto\",\"filter_position\":\"top\",\"filter_style\":\"tab\",\"grid_default\":\"1\",\"grid_medium\":\"3\",\"image_height\":\"382\",\"image_width\":\"618\",\"item_animation\":true,\"lightbox_bg_close\":true,\"link_style\":\"default\",\"link_text\":\"Read more\",\"margin\":\"default\",\"meta_align\":\"below-title\",\"meta_element\":\"div\",\"meta_style\":\"text-meta\",\"overlay_hover\":true,\"overlay_mode\":\"cover\",\"overlay_position\":\"center\",\"overlay_style\":\"overlay-primary\",\"overlay_transition\":\"fade\",\"parallax_easing\":\"1\",\"show_content\":true,\"show_hover_image\":true,\"show_hover_video\":true,\"show_link\":true,\"show_meta\":true,\"show_title\":true,\"status\":\"disabled\",\"text_align\":\"center\",\"text_color\":\"light\",\"title_element\":\"h3\",\"title_hover_style\":\"reset\"},\"children\":[{\"type\":\"gallery_item\",\"props\":{\"content\":\"\n\n<p>Zu Besuch bei der Freiwilligen Feuerwehr Ettlingen<\\\/p>\",\"image\":\"wp-content\\\/uploads\\\/sites\\\/4\\\/2022\\\/08\\\/IMG-20210919-WA0077.jpg\",\"meta\":\"\",\"title\":\"\"}},{\"type\":\"gallery_item\",\"props\":{\"content\":\"\n\n<p>F\\u00fchrung durch die neue Hauptfeuerwache Karlsruhe<\\\/p>\",\"image\":\"wp-content\\\/uploads\\\/sites\\\/4\\\/2022\\\/08\\\/IMG-20210919-WA0078.jpg\",\"image_alt\":\"Abteilung 05 Rieselfeld zu Besuch bei der Berufsfeuerwehr Karlsruhe 2021\"}},{\"type\":\"gallery_item\",\"props\":{\"content\":\"\n\n<p>F\\u00fchrung bei der Freiwilligen Feuerwehr Annweiler am Trifels<\\\/p>\",\"image\":\"wp-content\\\/uploads\\\/sites\\\/4\\\/2022\\\/08\\\/IMG_3851.jpeg\",\"meta\":\"\",\"title\":\"Abteilungsausflug 2022\"}},{\"type\":\"gallery_item\",\"props\":{\"content\":\"\n\n<p>Die Mannschaft beim Lasertag<\\\/p>\",\"image\":\"wp-content\\\/uploads\\\/sites\\\/4\\\/2022\\\/08\\\/IMG-20220617-WA0064.jpg\"}},{\"type\":\"gallery_item\",\"props\":{\"content\":\"\n\n<p>Besichtigung der Burg Trifels<\\\/p>\",\"image\":\"wp-content\\\/uploads\\\/sites\\\/4\\\/2022\\\/08\\\/RemoteMediaFile_6553813_0_2022_06_18_10_18_10-scaled.jpg\"}},{\"type\":\"gallery_item\",\"props\":{\"image\":\"wp-content\\\/uploads\\\/sites\\\/4\\\/2022\\\/08\\\/kameradschaft.jpg\",\"image_alt\":\"Bereitschaft vorm Ger\\u00e4tehaus\"}}]},{\"type\":\"overlay-slider\",\"props\":{\"image_height\":\"382\",\"image_width\":\"618\",\"link_style\":\"default\",\"link_text\":\"Read more\",\"margin\":\"default\",\"meta_align\":\"below-title\",\"meta_element\":\"div\",\"meta_style\":\"text-meta\",\"nav\":\"dotnav\",\"nav_align\":\"center\",\"nav_below\":true,\"nav_breakpoint\":\"s\",\"nav_position\":\"bottom-center\",\"nav_position_margin\":\"medium\",\"overlay_mode\":\"cover\",\"overlay_position\":\"center\",\"overlay_transition\":\"fade\",\"show_content\":true,\"show_hover_image\":true,\"show_hover_video\":true,\"show_link\":true,\"show_meta\":true,\"show_title\":true,\"slidenav\":\"default\",\"slidenav_breakpoint\":\"s\",\"slidenav_margin\":\"medium\",\"slidenav_outside_breakpoint\":\"xl\",\"slider_autoplay\":true,\"slider_autoplay_interval\":\"5\",\"slider_autoplay_pause\":true,\"slider_center\":true,\"slider_gap\":\"default\",\"slider_sets\":false,\"slider_width\":\"fixed\",\"slider_width_default\":\"1-1\",\"slider_width_medium\":\"1-3\",\"text_align\":\"center\",\"title_element\":\"h3\",\"title_hover_style\":\"reset\"},\"children\":[{\"type\":\"overlay-slider_item\",\"props\":{\"image\":\"wp-content\\\/uploads\\\/sites\\\/4\\\/2025\\\/07\\\/IMG_1011-scaled.jpg\"}},{\"type\":\"overlay-slider_item\",\"props\":{\"image\":\"wp-content\\\/uploads\\\/sites\\\/4\\\/2022\\\/08\\\/IMG_3851.jpeg\"}},{\"type\":\"overlay-slider_item\",\"props\":{\"content\":\"\",\"hover_image\":\"\",\"image\":\"wp-content\\\/uploads\\\/sites\\\/4\\\/2022\\\/08\\\/IMG-20210919-WA0078.jpg\",\"image_alt\":\"Abteilung 05 Rieselfeld zu Besuch bei der Berufsfeuerwehr Karlsruhe 2021\",\"meta\":\"\",\"title\":\"\"}},{\"type\":\"overlay-slider_item\",\"props\":{\"image\":\"wp-content\\\/uploads\\\/sites\\\/4\\\/2022\\\/08\\\/kameradschaft.jpg\",\"image_alt\":\"Bereitschaft vorm Ger\\u00e4tehaus\"}},{\"type\":\"overlay-slider_item\",\"props\":{\"image\":\"wp-content\\\/uploads\\\/sites\\\/4\\\/2025\\\/07\\\/IMG_1058-scaled.jpg\"}},{\"type\":\"overlay-slider_item\",\"props\":{\"image\":\"wp-content\\\/uploads\\\/sites\\\/4\\\/2022\\\/12\\\/IMG_9138-scaled.jpg\"}},{\"type\":\"overlay-slider_item\",\"props\":{\"image\":\"wp-content\\\/uploads\\\/sites\\\/4\\\/2025\\\/07\\\/IMG_0996-scaled.jpg\"}},{\"type\":\"overlay-slider_item\",\"props\":{\"image\":\"wp-content\\\/uploads\\\/sites\\\/4\\\/2022\\\/08\\\/IMG-20220617-WA0064.jpg\"}},{\"type\":\"overlay-slider_item\",\"props\":{\"image\":\"wp-content\\\/uploads\\\/sites\\\/4\\\/2022\\\/10\\\/IMG-20220619-WA0008.jpg\"}},{\"type\":\"overlay-slider_item\",\"props\":{\"image\":\"wp-content\\\/uploads\\\/sites\\\/4\\\/2022\\\/08\\\/RemoteMediaFile_6553813_0_2022_06_18_10_18_10-scaled.jpg\"}},{\"type\":\"overlay-slider_item\",\"props\":{\"image\":\"wp-content\\\/uploads\\\/sites\\\/4\\\/2022\\\/12\\\/515336f1-17f6-4e11-834f-ba5721659b2d.jpeg\"}},{\"type\":\"overlay-slider_item\",\"props\":{\"image\":\"wp-content\\\/uploads\\\/sites\\\/4\\\/2022\\\/12\\\/1746e127-3398-4ff3-bcc1-40c6b60e9ea3-scaled.jpeg\"}},{\"type\":\"overlay-slider_item\",\"props\":{\"image\":\"wp-content\\\/uploads\\\/sites\\\/4\\\/2022\\\/12\\\/f96b2928-569b-4b31-95ed-a9406748fa0b.jpeg\"}},{\"type\":\"overlay-slider_item\",\"props\":{\"image\":\"wp-content\\\/uploads\\\/sites\\\/4\\\/2022\\\/12\\\/IMG_9050-scaled.jpg\"}},{\"type\":\"overlay-slider_item\",\"props\":{\"image\":\"wp-content\\\/uploads\\\/sites\\\/4\\\/2025\\\/07\\\/IMG_0993-scaled.jpg\"}}]}]}]}]},{\"type\":\"section\",\"props\":{\"image_position\":\"center-center\",\"style\":\"secondary\",\"title_breakpoint\":\"xl\",\"title_position\":\"top-left\",\"title_rotation\":\"left\",\"vertical_align\":\"\",\"width\":\"default\"},\"children\":[{\"type\":\"row\",\"children\":[{\"type\":\"column\",\"props\":{\"image_position\":\"center-center\",\"position_sticky_breakpoint\":\"m\"},\"children\":[{\"type\":\"headline\",\"props\":{\"content\":\"Was Dich bei uns erwartet:\",\"title_element\":\"h1\"}}]}]},{\"type\":\"row\",\"props\":{\"layout\":\"1-3,1-3,1-3\"},\"children\":[{\"type\":\"column\",\"props\":{\"image_position\":\"center-center\",\"position_sticky_breakpoint\":\"m\",\"width_medium\":\"1-3\"},\"children\":[{\"type\":\"list\",\"props\":{\"column_breakpoint\":\"m\",\"image_align\":\"left\",\"image_svg_color\":\"emphasis\",\"image_vertical_align\":true,\"list_element\":\"ul\",\"list_horizontal_separator\":\", \",\"list_type\":\"vertical\",\"show_image\":true,\"show_link\":true},\"children\":[{\"type\":\"list_item\",\"props\":{\"content\":\"\n\n<p>Kameradschaft und Zusammenhalt<\\\/p>\",\"icon\":\"list\",\"icon_color\":\"primary\"}},{\"type\":\"list_item\",\"props\":{\"content\":\"\n\n<p>regelm\\u00e4\\u00dfige Ausbildungsveranstaltungen und Lehrg\\u00e4nge<\\\/p>\",\"icon\":\"list\",\"icon_color\":\"primary\"}},{\"type\":\"list_item\",\"props\":{\"content\":\"\n\n<p>Abwechslung zum Alltag<\\\/p>\",\"icon\":\"list\",\"icon_color\":\"primary\"}},{\"type\":\"list_item\",\"props\":{\"content\":\"\n\n<p>gemeinsame Veranstaltungen und Ausfl\\u00fcge<\\\/p>\",\"icon\":\"list\",\"icon_color\":\"primary\"}}]}]},{\"type\":\"column\",\"props\":{\"image_position\":\"center-center\",\"position_sticky_breakpoint\":\"m\",\"width_medium\":\"1-3\"},\"children\":[{\"type\":\"list\",\"props\":{\"column_breakpoint\":\"m\",\"image_align\":\"left\",\"image_svg_color\":\"emphasis\",\"image_vertical_align\":true,\"list_element\":\"ul\",\"list_horizontal_separator\":\", \",\"list_type\":\"vertical\",\"show_image\":true,\"show_link\":true},\"children\":[{\"type\":\"list_item\",\"props\":{\"content\":\"\n\n<p>einzigartige Erlebnisse<\\\/p>\",\"icon\":\"list\",\"icon_color\":\"primary\"}},{\"type\":\"list_item\",\"props\":{\"content\":\"\n\n<p><span>topmoderne Ausr\\u00fcstung <\\\/span><\\\/p>\",\"icon\":\"list\",\"icon_color\":\"primary\"}},{\"type\":\"list_item\",\"props\":{\"content\":\"\n\n<p>Teamwork und ein tolles Hobby<\\\/p>\",\"icon\":\"list\",\"icon_color\":\"primary\"}},{\"type\":\"list_item\",\"props\":{\"content\":\"\n\n<p>die Chance, anderen Menschen zu helfen<\\\/p>\",\"icon\":\"list\",\"icon_color\":\"primary\"}}]}]},{\"type\":\"column\",\"props\":{\"image_position\":\"center-center\",\"position_sticky_breakpoint\":\"m\",\"width_medium\":\"1-3\"},\"children\":[{\"type\":\"list\",\"props\":{\"column_breakpoint\":\"m\",\"image_align\":\"left\",\"image_svg_color\":\"emphasis\",\"image_vertical_align\":true,\"list_element\":\"ul\",\"list_horizontal_separator\":\", \",\"list_type\":\"vertical\",\"show_image\":true,\"show_link\":true},\"children\":[{\"type\":\"list_item\",\"props\":{\"content\":\"\n\n<p>ein spannendes und abwechslungsreiches Ehrenamt<\\\/p>\",\"icon\":\"list\",\"icon_color\":\"primary\"}},{\"type\":\"list_item\",\"props\":{\"content\":\"\n\n<p>neue Freundschaften<\\\/p>\",\"icon\":\"list\",\"icon_color\":\"primary\"}},{\"type\":\"list_item\",\"props\":{\"content\":\"\n\n<p>und nicht zu vergessen:<strong> Jede Menge Spa\\u00df!<\\\/strong><\\\/p>\",\"icon\":\"list\",\"icon_color\":\"primary\"}}]}]}]},{\"type\":\"row\",\"props\":{\"layout\":\"1-3,2-3\"},\"children\":[{\"type\":\"column\",\"props\":{\"image_position\":\"center-center\",\"position_sticky_breakpoint\":\"m\",\"width_medium\":\"1-3\"},\"children\":[{\"type\":\"headline\",\"props\":{\"content\":\"\n\n<h4>Aber das ist noch nicht alles...<\\\/h4>\",\"title_element\":\"h1\"}}]},{\"type\":\"column\",\"props\":{\"image_position\":\"center-center\",\"position_sticky_breakpoint\":\"m\",\"width_medium\":\"2-3\"},\"children\":[{\"type\":\"text\",\"props\":{\"column_breakpoint\":\"m\",\"content\":\"\n\n<p>...dar\\u00fcber hinaus erhalten Mitglieder der Freiwilligen Feuerwehr Freiburg:<\\\/p>\",\"margin\":\"default\"}},{\"type\":\"list\",\"props\":{\"column_breakpoint\":\"m\",\"image_align\":\"left\",\"image_svg_color\":\"emphasis\",\"image_vertical_align\":true,\"list_element\":\"ul\",\"list_horizontal_separator\":\", \",\"list_type\":\"vertical\",\"show_image\":true,\"show_link\":true},\"children\":[{\"type\":\"list_item\",\"props\":{\"content\":\"\n\n<p>eine erm\\u00e4\\u00dfigte Mitgliedschaft in ausgew\\u00e4hlten Fitnessstudios,<\\\/p>\",\"icon\":\"list\",\"icon_color\":\"primary\"}},{\"type\":\"list_item\",\"props\":{\"content\":\"\n\n<p>regelm\\u00e4\\u00dfige \\u00e4rztliche Vorsorgeuntersuchungen<\\\/p>\",\"icon\":\"list\",\"icon_color\":\"primary\"}},{\"type\":\"list_item\",\"props\":{\"content\":\"\n\n<p>sowie kostenlosen Eintritt in Freiburger B\\u00e4der.<\\\/p>\",\"icon\":\"list\",\"icon_color\":\"primary\"}}]}]}]}]},{\"type\":\"section\",\"props\":{\"image_position\":\"center-center\",\"style\":\"default\",\"title_breakpoint\":\"xl\",\"title_position\":\"top-left\",\"title_rotation\":\"left\",\"vertical_align\":\"\",\"width\":\"default\"},\"children\":[{\"type\":\"row\",\"children\":[{\"type\":\"column\",\"props\":{\"image_position\":\"center-center\",\"position_sticky_breakpoint\":\"m\"},\"children\":[{\"type\":\"headline\",\"props\":{\"content\":\"Kontakt\",\"title_element\":\"h1\"}}]}]},{\"type\":\"row\",\"children\":[{\"type\":\"column\",\"props\":{\"image_position\":\"center-center\",\"position_sticky_breakpoint\":\"m\"},\"children\":[{\"type\":\"grid\",\"props\":{\"content_column_breakpoint\":\"m\",\"filter_align\":\"left\",\"filter_all\":true,\"filter_grid_breakpoint\":\"m\",\"filter_grid_width\":\"auto\",\"filter_position\":\"top\",\"filter_style\":\"tab\",\"grid_default\":\"1\",\"grid_large\":\"3\",\"grid_medium\":\"3\",\"icon_width\":80,\"image_align\":\"top\",\"image_grid_breakpoint\":\"m\",\"image_grid_width\":\"1-2\",\"image_svg_color\":\"emphasis\",\"item_animation\":true,\"lightbox_bg_close\":true,\"link_style\":\"default\",\"link_text\":\"Read more\",\"margin\":\"default\",\"meta_align\":\"below-title\",\"meta_element\":\"div\",\"meta_style\":\"text-meta\",\"parallax_easing\":\"1\",\"show_content\":true,\"show_hover_image\":true,\"show_hover_video\":true,\"show_image\":true,\"show_link\":true,\"show_meta\":true,\"show_title\":true,\"show_video\":true,\"title_align\":\"top\",\"title_element\":\"h3\",\"title_grid_breakpoint\":\"m\",\"title_grid_width\":\"1-2\",\"title_hover_style\":\"reset\"},\"children\":[{\"type\":\"grid_item\",\"props\":{\"image\":\"wp-content\\\/uploads\\\/sites\\\/4\\\/2023\\\/04\\\/2023-Michael-Mueller-scaled.jpg\",\"meta\":\"Abteilungskommandant\",\"title\":\"Michael M\\u00fcller\"}},{\"type\":\"grid_item\",\"props\":{\"image\":\"wp-content\\\/uploads\\\/sites\\\/4\\\/2023\\\/04\\\/Marc-Rumohr-scaled.jpg\",\"meta\":\"Mannschaftsvertreter\",\"title\":\"Marc Rumohr\"}},{\"type\":\"grid_item\",\"props\":{\"content\":\"\n\n<p>Wenn Du im Rieselfeld, in Weingarten oder im n\\u00f6rdlichen Teil von Haid wohnst, bist Du bei uns richtig! Wir freuen uns darauf, Dich als neues Mitglied unserer Mannschaft zu begr\\u00fc\\u00dfen.<\\\/p>\",\"icon\":\"mail\",\"link\":\"mailto:rieselfeld@feuerwehr-freiburg.de\",\"link_text\":\"Melde Dich bei uns!\",\"title\":\"Du m\\u00f6chtest mitmachen?\"}}]}]}]},{\"type\":\"row\",\"children\":[{\"type\":\"column\",\"props\":{\"image_position\":\"center-center\",\"position_sticky_breakpoint\":\"m\"},\"children\":[{\"type\":\"text\",\"props\":{\"column_breakpoint\":\"m\",\"content\":\"\n\n<p><strong>Ablauf vom Anw\\u00e4rter bis zum Mannschaftsmitglied in der Abteilung 05 Rieselfeld:<\\\/strong><\\\/p>\\n\n\n<p>In der Regel l\\u00e4uft es bei uns so ab, dass Du erst einmal zu einem Gespr\\u00e4ch mit unserem Abteilungskommandanten sowie unserem Mannschaftsvertreter im Ger\\u00e4tehaus eingeladen wirst. Hier erf\\u00e4hrst Du alles \\u00fcber die Struktur der Freiwilligen Feuerwehr Freiburg und die Aufgabengebiete unserer Abteilung. Im Anschluss stellen sie Dich bei einem \\u00dcbungsabend der Mannschaft vor \\u2013 und Du kannst fortan als Anw\\u00e4rterin oder Anw\\u00e4rter bei unseren \\u00dcbungsabenden dabei sein.<\\\/p>\\n\n\n<p><\\\/p>\\n\n\n<p>Die Anw\\u00e4rterschaft dauert im Schnitt sechs Monate. In dieser Zeit lernst Du uns und wir Dich besser kennen. Das ist f\\u00fcr beide Seiten wichtig: Du kannst besser entscheiden, ob die Freiwillige Feuerwehr das richtige f\\u00fcr Dich ist und du zu unserer Mannschaft passt. Und wir sehen, ob Du aktiv bei unseren \\u00dcbungen dabei bist und damit das notwendige Engagement f\\u00fcr dieses Ehrenamt mitbringst.<\\\/p>\\n\n\n<p><\\\/p>\\n\n\n<p>Sobald Du in unsere Mannschaft aufgenommen wirst, geht es f\\u00fcr Dich zur Grundausbildung (sofern Du diese noch nicht hast). Diese Grundausbildung dauert 70 Stunden. Hinzu kommen ein 16-st\\u00fcndiger Sprechfunker-, ein 25-st\\u00fcndiger Atemschutzger\\u00e4tetr\\u00e4ger-Lehrgang sowie ein Motors\\u00e4gen-Lehrgang am Wochenende.<\\\/p>\",\"margin\":\"default\"}},{\"type\":\"button\",\"props\":{\"grid_column_gap\":\"small\",\"grid_row_gap\":\"small\",\"margin\":\"default\"},\"children\":[{\"type\":\"button_item\",\"props\":{\"button_style\":\"primary\",\"content\":\"Immer noch Lust? Perfekt! Schreib uns einfach.\",\"dialog_layout\":\"modal\",\"dialog_offcanvas_flip\":true,\"icon\":\"mail\",\"icon_align\":\"left\",\"link\":\"mailto:rieselfeld@feuerwehr-freiburg.de\"}}]}]}]}]}],\"version\":\"4.5.20\"} --><\/p>\n","protected":false},"excerpt":{"rendered":"<p>Lust auf Feuerwehr? Bei uns bist Du richtig! Dich erwarten einzigartige Erlebnisse. Brennst Du auch drauf? Wir warten auf Dich! Sei dabei im Rieselfeld Wir suchen Verst\u00e4rkung! Du m\u00f6chtest in unserer Abteilung aktiv werden? Wir freuen uns darauf, Dich pers\u00f6nlich kennenzulernen. Unsere Mannschaft besteht aus ganz normalen M\u00e4nnern und Frauen \u2013 in unseren eigentlichen Berufen [&hellip;]<\/p>\n","protected":false},"author":8,"featured_media":379,"parent":0,"menu_order":0,"comment_status":"closed","ping_status":"closed","template":"","meta":{"footnotes":""},"class_list":["post-372","page","type-page","status-publish","has-post-thumbnail","hentry"],"distributor_meta":false,"distributor_terms":false,"distributor_media":false,"distributor_original_site_name":"05 Rieselfeld","distributor_original_site_url":"https:\/\/feuerwehr-freiburg.de\/abt05","push-errors":false,"_links":{"self":[{"href":"https:\/\/feuerwehr-freiburg.de\/abt05\/wp-json\/wp\/v2\/pages\/372","targetHints":{"allow":["GET"]}}],"collection":[{"href":"https:\/\/feuerwehr-freiburg.de\/abt05\/wp-json\/wp\/v2\/pages"}],"about":[{"href":"https:\/\/feuerwehr-freiburg.de\/abt05\/wp-json\/wp\/v2\/types\/page"}],"author":[{"embeddable":true,"href":"https:\/\/feuerwehr-freiburg.de\/abt05\/wp-json\/wp\/v2\/users\/8"}],"replies":[{"embeddable":true,"href":"https:\/\/feuerwehr-freiburg.de\/abt05\/wp-json\/wp\/v2\/comments?post=372"}],"version-history":[{"count":172,"href":"https:\/\/feuerwehr-freiburg.de\/abt05\/wp-json\/wp\/v2\/pages\/372\/revisions"}],"predecessor-version":[{"id":1620,"href":"https:\/\/feuerwehr-freiburg.de\/abt05\/wp-json\/wp\/v2\/pages\/372\/revisions\/1620"}],"wp:featuredmedia":[{"embeddable":true,"href":"https:\/\/feuerwehr-freiburg.de\/abt05\/wp-json\/wp\/v2\/media\/379"}],"wp:attachment":[{"href":"https:\/\/feuerwehr-freiburg.de\/abt05\/wp-json\/wp\/v2\/media?parent=372"}],"curies":[{"name":"wp","href":"https:\/\/api.w.org\/{rel}","templated":true}]}}